{"id":359,"date":"2022-07-12T13:46:51","date_gmt":"2022-07-12T13:46:51","guid":{"rendered":"http:\/\/www.zopak-brzozow.pl\/ZOPAK-WP\/?page_id=359"},"modified":"2024-07-31T19:01:18","modified_gmt":"2024-07-31T19:01:18","slug":"baza-wiedzy-o-i-rejonie-marianowo-brzozow-vii-obwodu-obroza-ak","status":"publish","type":"page","link":"http:\/\/www.zopak-brzozow.pl\/ZOPAK-WP\/index.php\/baza-wiedzy-o-i-rejonie-marianowo-brzozow-vii-obwodu-obroza-ak\/","title":{"rendered":"Baza wiedzy o I Rejonie &#8222;Marianowo-Brzoz\u00f3w&#8221;<br>VII Obwodu &#8222;Obro\u017ca&#8221; AK"},"content":{"rendered":"\n<h4><strong>Wydawnictwa ksi\u0105\u017ckowe<\/strong><\/h4>\n\n\n\n<ul><li>Andrzej Paszkowski: <em>Walczyli za wolno\u015b\u0107 &#8211; uczestnicy walk Powstania Warszawskiego I Rejonu &#8222;Marianowo-Brzoz\u00f3w&#8221; VII Obwodu &#8222;Obro\u017ca&#8221; Okr\u0119gu Warszawskiego Armii Krajowej<\/em>, Ko\u0142o nr 1 \u015aZ\u017bAK w Legionowie 1997. [tylko wydanie papierowe]<\/li><li>Jacek Zygmunt Sawicki: <em>&#8222;Obro\u017ca&#8221; w konspiracji i Powstaniu Warszawskim<\/em>, Bellona 2002. [tylko wydanie papierowe]<\/li><li>Pola Cudna-Kowalska i inni: <em>Chotom\u00f3w, Jab\u0142onna w konspiracji i walce<\/em>, Ko\u0142o nr 11 \u015aZ\u017bAK w Chotomowie 2004. [tylko wydanie papierowe]<\/li><li>Bronis\u0142awa Romanowska-Mazur: <em>Czas pr\u00f3by&#8230; historia legionowskich Kolumb\u00f3w, <\/em>MHwL 2014. <a rel=\"noreferrer noopener\" href=\"http:\/\/mbc.cyfrowemazowsze.pl\/dlibra\/docmetadata?id=79651&amp;from=publication\" data-type=\"URL\" data-id=\"http:\/\/mbc.cyfrowemazowsze.pl\/dlibra\/docmetadata?id=79651&amp;from=publication\" target=\"_blank\">[online: http:\/\/mbc.cyfrowemazowsze.pl\/dlibra\/docmetadata?id=79651&amp;from=publication]<\/a><\/li><li>Zygmunt Duchnowski <em>Pluton 709 w konspiracji i walce (X 1939 &#8211; IX 1944) <\/em>, MHwL 2014.<a rel=\"noreferrer noopener\" href=\"http:\/\/mbc.cyfrowemazowsze.pl\/dlibra\/docmetadata?id=79650&amp;from=&amp;dirids=1&amp;ver_id=&amp;lp=1&amp;QI=\" data-type=\"URL\" data-id=\"http:\/\/mbc.cyfrowemazowsze.pl\/dlibra\/docmetadata?id=79650&amp;from=&amp;dirids=1&amp;ver_id=&amp;lp=1&amp;QI=\" target=\"_blank\"> [online: http:\/\/mbc.cyfrowemazowsze.pl\/dlibra\/docmetadata?id=79650&amp;from=&amp;dirids=1&amp;ver_id=&amp;lp=1&amp;QI=]<\/a><\/li><li>Rafa\u0142 Degiel: <em>Powstanie Warszawskie na terenie I Rejonu Legionowo<\/em>, MHwL 2019. <a rel=\"noreferrer noopener\" href=\"http:\/\/mbc.cyfrowemazowsze.pl\/Content\/81969\/00089035_Degiel-Rafal_Powstanie-Warszawskie-na-erenie-I-Rejonu-Legionowo_sygn-Vars-VII-2-1.pdf\" data-type=\"URL\" data-id=\"http:\/\/mbc.cyfrowemazowsze.pl\/Content\/81969\/00089035_Degiel-Rafal_Powstanie-Warszawskie-na-erenie-I-Rejonu-Legionowo_sygn-Vars-VII-2-1.pdf\" target=\"_blank\">[online: http:\/\/mbc.cyfrowemazowsze.pl\/Content\/81969\/00089035_Degiel-Rafal_Powstanie-Warszawskie-na-erenie-I-Rejonu-Legionowo_sygn-Vars-VII-2-1.pdf]<\/a><\/li><\/ul>\n\n\n\n<h4><strong>Wydawnictwa broszurowe<\/strong><\/h4>\n\n\n\n<ul><li>Edward Dietrich, Feliks Litwiniak: <em>Szkolenie i szko\u0142y wojskowe w I Rejonie &#8222;Marianowo-Brzoz\u00f3w&#8221; VII Obwodu Armii Krajowej &#8222;Obro\u017ca&#8221; <\/em> Okr\u0119gu Warszawskiego, Ko\u0142o nr 1 \u015aZ\u017bAK w Legionowie 2004. [tylko wydanie papierowe]<\/li><li>Tomasz Elbanowski: <em>Powstanie Warszawskie &#8211; Legionowo, Jab\u0142onna, Niepor\u0119t<\/em>, Agencjia TiO wyd. III 2019. [tylko wydanie papierowe]<\/li><\/ul>\n\n\n\n<h4><strong>Na prawach r\u0119kopisu:<\/strong><\/h4>\n\n\n\n<ul><li>Bronis\u0142awa Romanowska-Mazur: <em>Spis \u017co\u0142nierzy AK I Rejonu Marianowo-Brzoz\u00f3w Pu\u0142k Legionowo VII Obw\u00f3d Obro\u017ca Okr\u0119g Warszawski<\/em>, 2012 (z p\u00f3\u017aniejszymi uzupe\u0142nieniami na podstawie przekazanych dokument\u00f3w i o\u015bwiadcze\u0144). <a href=\"http:\/\/www.zopak-brzozow.pl\/ZOPAK\/bazaak-1.pdf\" data-type=\"URL\" target=\"_blank\" rel=\"noreferrer noopener\">[online: http:\/\/www.zopak-brzozow.pl\/ZOPAK\/bazaak-1.pdf]<\/a><\/li><li>Wojciech Jeute:<em> Spis \u017co\u0142nierzy AK pochowanych na cmentarzu w Legionowie<\/em>, 2021. <a rel=\"noreferrer noopener\" href=\"http:\/\/www.zopak-brzozow.pl\/ZOPAK-WP\/wp-content\/uploads\/2022\/07\/Cmentarz-_Legionowo_AK.pdf\" data-type=\"URL\" data-id=\"http:\/\/www.zopak-brzozow.pl\/ZOPAK-WP\/wp-content\/uploads\/2022\/07\/Cmentarz-_Legionowo_AK.pdf\" target=\"_blank\">[online: http:\/\/www.zopak-brzozow.pl\/ZOPAK-WP\/wp-content\/uploads\/2022\/07\/Cmentarz-_Legionowo_AK.pdf]<\/a><\/li><\/ul>\n\n\n\n<h4><strong>Prelekcje wideo<\/strong><\/h4>\n\n\n\n<ul><li> <a rel=\"noreferrer noopener\" href=\"\/ZOPAK-WP\/index.php\/baza-wiedzy-o-i-rejonie-marianowo-brzozow-vii-obwodu-obroza-ak\/video_AK\" data-type=\"URL\" data-id=\"\/video_AK\" target=\"_blank\">[<em> KATALOG KLIP\u00d3W WIDEO <\/em> ]<\/a><\/li><\/ul>\n\n\n\n<p><\/p>\n","protected":false},"excerpt":{"rendered":"<p>Wydawnictwa ksi\u0105\u017ckowe Andrzej Paszkowski: Walczyli za wolno\u015b\u0107 &#8211; uczestnicy walk Powstania Warszawskiego I Rejonu &#8222;Marianowo-Brzoz\u00f3w&#8221; VII Obwodu &#8222;Obro\u017ca&#8221; Okr\u0119gu Warszawskiego<\/p>\n","protected":false},"author":1,"featured_media":0,"parent":0,"menu_order":0,"comment_status":"closed","ping_status":"closed","template":"","meta":[],"_links":{"self":[{"href":"http:\/\/www.zopak-brzozow.pl\/ZOPAK-WP\/index.php\/wp-json\/wp\/v2\/pages\/359"}],"collection":[{"href":"http:\/\/www.zopak-brzozow.pl\/ZOPAK-WP\/index.php\/wp-json\/wp\/v2\/pages"}],"about":[{"href":"http:\/\/www.zopak-brzozow.pl\/ZOPAK-WP\/index.php\/wp-json\/wp\/v2\/types\/page"}],"author":[{"embeddable":true,"href":"http:\/\/www.zopak-brzozow.pl\/ZOPAK-WP\/index.php\/wp-json\/wp\/v2\/users\/1"}],"replies":[{"embeddable":true,"href":"http:\/\/www.zopak-brzozow.pl\/ZOPAK-WP\/index.php\/wp-json\/wp\/v2\/comments?post=359"}],"version-history":[{"count":9,"href":"http:\/\/www.zopak-brzozow.pl\/ZOPAK-WP\/index.php\/wp-json\/wp\/v2\/pages\/359\/revisions"}],"predecessor-version":[{"id":1163,"href":"http:\/\/www.zopak-brzozow.pl\/ZOPAK-WP\/index.php\/wp-json\/wp\/v2\/pages\/359\/revisions\/1163"}],"wp:attachment":[{"href":"http:\/\/www.zopak-brzozow.pl\/ZOPAK-WP\/index.php\/wp-json\/wp\/v2\/media?parent=359"}],"curies":[{"name":"wp","href":"https:\/\/api.w.org\/{rel}","templated":true}]}}