{"id":190,"date":"2020-10-26T16:41:52","date_gmt":"2020-10-26T16:41:52","guid":{"rendered":"http:\/\/www.zopak-brzozow.pl\/ZOPAK-WP\/?page_id=190"},"modified":"2023-09-14T18:29:36","modified_gmt":"2023-09-14T18:29:36","slug":"kronika","status":"publish","type":"page","link":"http:\/\/www.zopak-brzozow.pl\/ZOPAK-WP\/index.php\/kronika\/","title":{"rendered":"Kronika z \u017cycia ZOPAK &#8222;Brzoz\u00f3w&#8221;"},"content":{"rendered":"\n<script>import java.util.Calendar;<\/script> \n<script>\n      function fun_kronika(data,tytul,opis,ln_fot1,ln_fot2,ln_fot3,com_f,co_1,ln_1,cm_1,co_2,ln_2,cm_2)\n      {\ndocument.write('<p><hr style=\"width: 100%; height: 2px; color: blue; background-color: blue;\"><\/p>');\n      if(ln_fot1.substring(0, 4) == \"http\") {lk_fot1=ln_fot1;} else {var lk_fot1=\"http:\/\/www.zopak-brzozow.pl\/ZOPAK\/KRONIKA\/\" + ln_fot1;}\n      if(ln_fot2.substring(0, 4) == \"http\") {lk_fot2=ln_fot2;} else {var lk_fot2=\"http:\/\/www.zopak-brzozow.pl\/ZOPAK\/KRONIKA\/\" + ln_fot2;}\n      if(ln_fot3.substring(0, 4) == \"http\") {lk_fot3=ln_fot3;} else {var lk_fot3=\"http:\/\/www.zopak-brzozow.pl\/ZOPAK\/KRONIKA\/\" + ln_fot3;}\n      if(ln_1.substring(0,4) == \"http\") {var lk_1 = ln_1;} else {lk_1 = \"http:\/\/www.zopak-brzozow.pl\/ZOPAK\/KRONIKA\/\" + ln_1;}\n      if(ln_2.substring(0,4) == \"http\") {var lk_2 = ln_2;} else {lk_2 = \"http:\/\/www.zopak-brzozow.pl\/ZOPAK\/KRONIKA\/\" + ln_2;}\n      document.write('<p class=\"has-text-align-left\" style=\"font-size: 24px;\"><strong>',data,'<\/strong><\/p>');\n      if(tytul.length > 3){document.write('<p class=\"has-text-align-center\" style=\"font-size: 22px;\"><strong>',tytul,'<\/strong><\/p>');} else {document.write('&nbsp;');}\n      document.write('<p style=\"text-align: justify\" style=\"font-size: 16px;\">',opis,'<\/p>');\n    if(ln_fot1.length > 3 && ln_fot2.length > 3 && ln_fot3.length > 3) {document.write('<figure class=\"wp-block-image size-full is-resized\"><img class=\"wp-image-749\" style=\"width: 33%;\" src=\"',lk_fot1,'\" alt=\"\">','&nbsp;','<img class=\"wp-image-749\" style=\"width: 33%;\" src=\"',lk_fot2,'\" alt=\"\">','&nbsp;','<img class=\"wp-image-749\" style=\"width: 33%;\" src=\"',lk_fot3,'\" alt=\"\">');}\n    if(ln_fot1.length > 3 && ln_fot2.length > 3 && ln_fot3.length < 4) {document.write('<figure class=\"wp-block-image size-full is-resized\"><img class=\"wp-image-749\" style=\"width: 48%;\" src=\"',lk_fot1,'\" alt=\"\">','&nbsp;','<img class=\"wp-image-749\" style=\"width: 48%;\" src=\"',lk_fot2,'\" alt=\"\">');}\n    if(ln_fot1.length > 3 && ln_fot2.length == 3 && ln_fot3.length < 4) {document.write('<figure class=\"wp-block-image size-full is-resized\"><img class=\"wp-image-749\" style=\"width: 80%;\" src=\"',lk_fot1,'\" alt=\"\">');}\n      if(com_f.length > 3){document.write('<p style=\"text-align: center\" style=\"font-size: 13px;\">','<br \/>',com_f,'<\/p>');}\n      if(co_1.length > 3){document.write('<br \/>',co_1,'<br \/>');}\n      if(ln_1.length > 3){document.write('<br \/><a href=\"',lk_1,'\" target=\"_blank\">',cm_1,'<\/a>');}\n      if(co_2.length > 3){document.write('<br \/>',co_2);}\n      if(ln_2.length > 3){document.write('<br \/><a href=\"',lk_2,'\" target=\"_blank\">',cm_2,'<\/a>');}\n      }\n<\/script>\n<script>\ndocument.write('<script src=\"..\/..\/..\/ZOPAK\/KRONIKA\/007_KRONIKA.js?t=',Date.now(),'\">'); <\/script>\n<\/script>\n\n\n\n<hr style=\"width: 100%; height: 2px; color: blue; background-color: blue;\">\n<p><p id=\"Liwski\"><\/p>\n<p class=\"has-text-align-left\" style=\"font-size: 20px;\"><strong>15 listopada 2022 r.<\/strong><\/p><\/p>\n\n\n<div style=\"text-align: center;\"><span class=\"size\">Tego dnia w gmachu Wydzia\u0142u Budownictwa i In\u017cynierii \u015arodowiska Szko\u0142y G\u0142\u00f3wnej Gospodarstwa Wiejskiego<br>przy ulicy Nowoursynowskiej 159 w Warszawie, odby\u0142a si\u0119 uroczysto\u015b\u0107 ods\u0142oni\u0119cia tablicy pami\u0105tkowej prof. dr. hab. in\u017c. Stefana Liwskiego.<br>Tablica znajduje si\u0119 na 2. pi\u0119trze tego budynku. <\/span><\/div>\n<div>&nbsp;<\/div>\n<div style=\"text-align: center;\"><span class=\"size\">Podczas II wojny \u015bwiatowej prof. Stefan Liwski by\u0142 \u017co\u0142nierzem I Rejonu &#8222;Brzoz\u00f3w&#8221; VII Obwodu &#8222;Obro\u017ca&#8221; Warszawskiego Okr\u0119gu Armii Krajowej. W 1941 roku zosta\u0142 zaprzysi\u0119\u017cony w ZWZ pod pseudonimem 'Topola&#8221;. Walczy\u0142 w 724 plutonie 8. kompanii III batalionu (Niepor\u0119t). W okresie Powstania Warszawskiego zosta\u0142 przydzielony do oddzia\u0142u por. Konstantego Radziwi\u0142\u0142a &#8222;Koraba&#8221;.&nbsp; <\/span><\/div>\n<div style=\"text-align: center;\"><span class=\"size\">W latach 90. XX wieku prof. Liwski znalaz\u0142 si\u0119 w gronie g\u0142\u00f3wnych organizator\u00f3w Okr\u0119gu Warszawa-Powiat \u015aZ\u017bAK. By\u0142 wiceprezesem Okr\u0119gu Warszawa-Powiat w latach 1993-1997.&nbsp; Nale\u017ca\u0142 do Ko\u0142a Nr 1 &#8222;Brzoz\u00f3w&#8221; \u015aZ\u017bAK w Legionowie.<p><\/p>\n<p><\/p>\n<p><\/p><\/span><\/div>\n<figure class=\"wp-block-image size-full is-resized\"><img class=\"wp-image-749 aligncenter\" style=\"width: 600px;\" src=\"http:\/\/www.zopak-brzozow.pl\/ZOPAK-WP\/wp-content\/uploads\/2022\/11\/Profesor-Stefan-Liwski-3-759x1024.jpg\"><p><\/p>\n<div class=\"wp-block-cover__inner-container\"><\/div>\n<\/figure>\n<p>\n<!-- \/wp:html --><\/p>\n<hr style=\"width: 100%; height: 2px; color: blue; background-color: blue;\">\n<p><!-- wp:paragraph -->\n<\/p>\n<p><\/p>\n<p class=\"has-text-align-left\" style=\"font-size: 20px;\"><strong>11 listopada 2022 r.<\/strong><\/p>\n<p><\/p>\n<p>\n<!-- \/wp:paragraph --><\/p>\n<p><\/p>\n<p><!-- wp:paragraph {\"align\":\"center\"} -->\n<\/p>\n<p class=\"has-text-align-center\">Nie mog\u0142o nas zabrakn\u0105\u0107 podczas uroczysto\u015bci Narodowego \u015awi\u0119ta Niepodleg\u0142o\u015bci.<br>\nZ\u0142o\u017cyli\u015bmy kwiaty pod pomnikiem J\u00f3zefa Pi\u0142sudskiego.<\/p>\n<p>\n<!-- \/wp:paragraph --><\/p>\n<p><\/p>\n<p><!-- wp:image {\"align\":\"center\",\"id\":970,\"sizeSlug\":\"large\",\"linkDestination\":\"none\"} -->\n<\/p>\n<figure class=\"wp-block-image aligncenter size-large\"><img loading=\"lazy\" width=\"1024\" height=\"680\" src=\"http:\/\/www.zopak-brzozow.pl\/ZOPAK-WP\/wp-content\/uploads\/2022\/11\/314071135_440669034898902_2555617282865335563_n-1024x680.jpg\" alt=\"\" class=\"wp-image-970\" srcset=\"http:\/\/www.zopak-brzozow.pl\/ZOPAK-WP\/wp-content\/uploads\/2022\/11\/314071135_440669034898902_2555617282865335563_n-1024x680.jpg 1024w, http:\/\/www.zopak-brzozow.pl\/ZOPAK-WP\/wp-content\/uploads\/2022\/11\/314071135_440669034898902_2555617282865335563_n-300x199.jpg 300w, http:\/\/www.zopak-brzozow.pl\/ZOPAK-WP\/wp-content\/uploads\/2022\/11\/314071135_440669034898902_2555617282865335563_n-768x510.jpg 768w, http:\/\/www.zopak-brzozow.pl\/ZOPAK-WP\/wp-content\/uploads\/2022\/11\/314071135_440669034898902_2555617282865335563_n.jpg 1080w\" sizes=\"(max-width: 1024px) 100vw, 1024px\" \/><\/figure>\n<p>\n<!-- \/wp:image --><\/p>\n<p><\/p>\n<p><!-- wp:paragraph {\"align\":\"center\"} -->\n<\/p>\n<p class=\"has-text-align-center\">W delegacji stowarzyszenia prezes Stanis\u0142aw Go\u0142\u0105bek, sekretarz Marek Chojnowski i skarbnik Danuta Go\u0142\u0105bek.<\/p>\n<p>\n<!-- \/wp:paragraph --><\/p>\n<p><\/p>\n<p><!-- wp:paragraph {\"align\":\"right\"} -->\n<\/p>\n<p class=\"has-text-align-right\">Zdj\u0119cie od Powiat Legionowski<\/p>\n<p>\n<!-- \/wp:paragraph --><\/p>\n<p><\/p>\n<p><!-- wp:image {\"align\":\"center\",\"id\":969,\"width\":1022,\"height\":679,\"sizeSlug\":\"full\",\"linkDestination\":\"none\"} -->\n<\/p>\n<figure class=\"wp-block-image aligncenter size-full is-resized\"><img loading=\"lazy\" src=\"http:\/\/www.zopak-brzozow.pl\/ZOPAK-WP\/wp-content\/uploads\/2022\/11\/313436970_440670238232115_1917868922841819998_n-1.jpg\" alt=\"\" class=\"wp-image-969\" width=\"1022\" height=\"679\" srcset=\"http:\/\/www.zopak-brzozow.pl\/ZOPAK-WP\/wp-content\/uploads\/2022\/11\/313436970_440670238232115_1917868922841819998_n-1.jpg 813w, http:\/\/www.zopak-brzozow.pl\/ZOPAK-WP\/wp-content\/uploads\/2022\/11\/313436970_440670238232115_1917868922841819998_n-1-300x199.jpg 300w, http:\/\/www.zopak-brzozow.pl\/ZOPAK-WP\/wp-content\/uploads\/2022\/11\/313436970_440670238232115_1917868922841819998_n-1-768x510.jpg 768w\" sizes=\"(max-width: 1022px) 100vw, 1022px\" \/><\/figure>\n<p>\n<!-- \/wp:image --><\/p>\n<p><\/p>\n<p><!-- wp:paragraph {\"align\":\"center\"} -->\n<\/p>\n<p class=\"has-text-align-center\">W imieniu Ko\u0142a nr 1 \u015aZ\u017bAK w Legionowie kwiaty z\u0142o\u017cyli: kol. Anna Ostrowska-Wasilewska, wiceprezes ko\u0142a i honorowy prezez ZOPAK Wojciech Jeute <br> oraz kol. Helena Mazur.<\/p>\n<p>\n<!-- \/wp:paragraph --><\/p>\n<p><\/p>\n<p><!-- wp:paragraph {\"align\":\"right\"} -->\n<\/p>\n<p class=\"has-text-align-right\">Zdj\u0119cie od Powiat Legionowski<\/p>\n<p>\n<!-- \/wp:paragraph --><\/p>\n<hr style=\"width: 100%; height: 2px; color: blue; background-color: blue;\">\n<p class=\"has-text-align-left\" style=\"font-size: 20px;\"><strong>20 pa\u017adziernika 2022 r.<\/strong><\/p>\n<figure class=\"wp-block-image size-full is-resized\"><img class=\"wp-image-749 aligncenter\" style=\"width: 400px;\" src=\"http:\/\/www.zopak-brzozow.pl\/ZOPAK-WP\/wp-content\/uploads\/2022\/10\/DSC_0987-scaled-1-1024x735.jpg\" alt=\"\"><\/figure>\n<p><\/p>\n<p><\/p><center>20 pa\u017adziernika w Muzeum Historycznym w Legionowie <br>mia\u0142a miejsce prelekcja p. Wojciecha Jeute, prezesa honorowego ZOPAK, o Polskim Pa\u0144stwie Podziemnym. <br>W spotkaniu uczestniczyli uczniowie LO im. Marii Konopnickiej w Legionowie.<p><\/p>\n<p><a href=\"https:\/\/muzeum.legionowo.pl\/aktualnosci\/relacja-z-prelekcji-o-polskim-panstwie-podziemnym\/\" target=\"_blank\" rel=\"noopener\">ZOBACZ FOTORELACJ\u0118<\/a><\/p>\n<p><\/p>\n<p><\/p><\/center><p><\/p>\n<hr style=\"width: 100%; height: 2px; color: blue; background-color: blue;\">\n<p class=\"has-text-align-left\" style=\"font-size:20px\"><strong>17 pa\u017adziernika 2022 r.<\/strong><\/p>\n<figure class=\"wp-block-image size-large\"><img loading=\"lazy\" width=\"604\" height=\"1024\" src=\"http:\/\/www.zopak-brzozow.pl\/ZOPAK-WP\/wp-content\/uploads\/2022\/10\/Bafeltowska-Alicja-1-604x1024.jpg\" alt=\"\" class=\"wp-image-825\" srcset=\"http:\/\/www.zopak-brzozow.pl\/ZOPAK-WP\/wp-content\/uploads\/2022\/10\/Bafeltowska-Alicja-1-604x1024.jpg 604w, http:\/\/www.zopak-brzozow.pl\/ZOPAK-WP\/wp-content\/uploads\/2022\/10\/Bafeltowska-Alicja-1-177x300.jpg 177w, http:\/\/www.zopak-brzozow.pl\/ZOPAK-WP\/wp-content\/uploads\/2022\/10\/Bafeltowska-Alicja-1.jpg 619w\" sizes=\"(max-width: 604px) 100vw, 604px\" \/><\/figure>\n<p><\/p>\n<p>\n<!-- \/wp:html --><\/p>\n<hr style=\"width: 100%; height: 2px; color: blue; background-color: blue;\">\n<p><!-- wp:paragraph -->\n<\/p>\n<p class=\"has-text-align-left\" style=\"font-size:20px\"><strong>10 pa\u017adziernika 2022 r.<\/strong><\/p>\n<figure class=\"wp-block-image size-full is-resized\"><img class=\"wp-image-749\" style=\"width: 800px;\" src=\"http:\/\/www.zopak-brzozow.pl\/ZOPAK-WP\/wp-content\/uploads\/2022\/10\/Kuzma-Tadeusz-i-Zielinski-886x1024.jpg\" alt=\"\"><\/figure>\n<p><\/p>\n<p>\n<!-- \/wp:paragraph --><\/p>\n<hr style=\"width: 100%; height: 2px; color: blue; background-color: blue;\">\n<p class=\"has-text-align-left\">\n<\/p><p><!-- wp:heading {\"level\":5,\"fontSize\":\"medium\"} -->\n<\/p>\n<p class=\"has-text-align-left\" style=\"font-size:20px\"><strong>2 pa\u017adziernika 2022 r.<\/strong><\/p>\n<h5 class=\"has-medium-font-size\" ,\"has-text-align-left\"=\"\"><strong><\/strong><\/h5>\n<p><\/p>\n<p>\n<!-- \/wp:heading --><\/p>\n<p><\/p>\n<p><!-- wp:paragraph -->\n<\/p>\n<figure class=\"wp-block-image size-full is-resized\"><img loading=\"lazy\" width=\"848\" height=\"588\" class=\"wp-image-749\" style=\"width: 750px;\" src=\"http:\/\/www.zopak-brzozow.pl\/ZOPAK-WP\/wp-content\/uploads\/2022\/09\/Koncert_2-10-2022.jpg\" alt=\"ZAPROSZENIE na KONCERT\" srcset=\"http:\/\/www.zopak-brzozow.pl\/ZOPAK-WP\/wp-content\/uploads\/2022\/09\/Koncert_2-10-2022.jpg 848w, http:\/\/www.zopak-brzozow.pl\/ZOPAK-WP\/wp-content\/uploads\/2022\/09\/Koncert_2-10-2022-300x208.jpg 300w, http:\/\/www.zopak-brzozow.pl\/ZOPAK-WP\/wp-content\/uploads\/2022\/09\/Koncert_2-10-2022-768x533.jpg 768w, http:\/\/www.zopak-brzozow.pl\/ZOPAK-WP\/wp-content\/uploads\/2022\/09\/Koncert_2-10-2022-392x272.jpg 392w, http:\/\/www.zopak-brzozow.pl\/ZOPAK-WP\/wp-content\/uploads\/2022\/09\/Koncert_2-10-2022-130x90.jpg 130w\" sizes=\"(max-width: 848px) 100vw, 848px\" \/><\/figure>\n<p class=\"has-text-align-center\"><a rel=\"noreferrer noopener\" href=\"http:\/\/pzsplegionowo.pl\/w-80-rocznice-powstania-armii-krajowej\/\" target=\"_blank\">Zobacz fotorelacj\u0119 PZSP-Legionowo<\/a><\/p>\n<p>\n<!-- \/wp:paragraph --><\/p>\n<hr style=\"width: 100%; height: 2px; color: blue; background-color: blue;\">\n<p><!-- wp:heading {\"level\":5,\"fontSize\":\"medium\"} -->\n<\/p>\n<h5 class=\"has-medium-font-size\"><strong>25 wrze\u015bnia 2022 r.<\/strong><\/h5>\n<p>\n<!-- \/wp:heading --><\/p>\n<p><\/p>\n<p><!-- wp:paragraph {\"fontSize\":\"medium\"} -->\n<\/p>\n<p class=\"has-medium-font-size\">W niedziel\u0119 25. wrze\u015bnia o godzinie 10.15 w Parafii Naj\u015bwi\u0119tszego Cia\u0142a i&nbsp;Krwi Chrystusa w Legionowie mia\u0142a miejsce<br>Msza \u015awi\u0119ta w intencji legionowskich harcerzy walcz\u0105cych w Warszawie w batalionie &#8222;Parasol&#8221;.<br>Ks. proboszcz w homilii nawi\u0105za\u0142 do naszych bohater\u00f3w. <br>Zapalono znicz pod tablic\u0105 pami\u0119ci znajduj\u0105c\u0105 si\u0119 przy wej\u015bciu do ko\u015bcio\u0142a.<\/p>\n<p>\n<!-- \/wp:paragraph --><\/p>\n<hr style=\"width: 100%; height: 2px; color: blue; background-color: blue;\">\n<p><!-- wp:heading {\"level\":5,\"fontSize\":\"medium\"} -->\n<\/p>\n<h5 class=\"has-medium-font-size\"><strong>15 sierpnia 2022 r.<\/strong><\/h5>\n<p>\n<!-- \/wp:heading --><\/p>\n<h6>W dniu 102. Rocznicy Bitwy Warszawskiej, a zarazem \u015awi\u0119ta Wojska Polskiego uczestniczyli\u015bmy w uroczystej Mszy \u015awi\u0119tej w legionowskiej parafii p.w. \u015bw. J\u00f3zefa Oblubie\u0144ca NMP, a nast\u0119pnie z\u0142o\u017cyli\u015bmy wi\u0105zank\u0119 kwiat\u00f3w pod pomnikiem marsz. J\u00f3zefa Pi\u0142sudskiego w Legionowie.<\/h6>\n<p><\/p>\n<p><!-- wp:gallery {\"columns\":3,\"linkTo\":\"none\"} -->\n<\/p>\n<figure class=\"wp-block-gallery has-nested-images columns-3 is-cropped\">\n<!-- wp:image {\"id\":718,\"sizeSlug\":\"full\",\"linkDestination\":\"none\"} --><p><\/p>\n<figure class=\"wp-block-image size-full\"><img loading=\"lazy\" width=\"1440\" height=\"2560\" src=\"http:\/\/www.zopak-brzozow.pl\/ZOPAK-WP\/wp-content\/uploads\/2022\/08\/20220815_130600-1-scaled.jpg\" alt=\"\" class=\"wp-image-718\" srcset=\"http:\/\/www.zopak-brzozow.pl\/ZOPAK-WP\/wp-content\/uploads\/2022\/08\/20220815_130600-1-scaled.jpg 1440w, http:\/\/www.zopak-brzozow.pl\/ZOPAK-WP\/wp-content\/uploads\/2022\/08\/20220815_130600-1-169x300.jpg 169w, http:\/\/www.zopak-brzozow.pl\/ZOPAK-WP\/wp-content\/uploads\/2022\/08\/20220815_130600-1-576x1024.jpg 576w, http:\/\/www.zopak-brzozow.pl\/ZOPAK-WP\/wp-content\/uploads\/2022\/08\/20220815_130600-1-768x1365.jpg 768w, http:\/\/www.zopak-brzozow.pl\/ZOPAK-WP\/wp-content\/uploads\/2022\/08\/20220815_130600-1-864x1536.jpg 864w, http:\/\/www.zopak-brzozow.pl\/ZOPAK-WP\/wp-content\/uploads\/2022\/08\/20220815_130600-1-1152x2048.jpg 1152w\" sizes=\"(max-width: 1440px) 100vw, 1440px\" \/><\/figure>\n<p>\n<!-- \/wp:image --><\/p>\n<p><!-- wp:image {\"id\":722,\"sizeSlug\":\"large\",\"linkDestination\":\"none\"} -->\n<\/p>\n<figure class=\"wp-block-image size-large\"><img loading=\"lazy\" width=\"1024\" height=\"576\" src=\"http:\/\/www.zopak-brzozow.pl\/ZOPAK-WP\/wp-content\/uploads\/2022\/08\/20220815_130531-1024x576.jpg\" alt=\"\" class=\"wp-image-722\" srcset=\"http:\/\/www.zopak-brzozow.pl\/ZOPAK-WP\/wp-content\/uploads\/2022\/08\/20220815_130531-1024x576.jpg 1024w, http:\/\/www.zopak-brzozow.pl\/ZOPAK-WP\/wp-content\/uploads\/2022\/08\/20220815_130531-300x169.jpg 300w, http:\/\/www.zopak-brzozow.pl\/ZOPAK-WP\/wp-content\/uploads\/2022\/08\/20220815_130531-768x432.jpg 768w, http:\/\/www.zopak-brzozow.pl\/ZOPAK-WP\/wp-content\/uploads\/2022\/08\/20220815_130531-1536x864.jpg 1536w, http:\/\/www.zopak-brzozow.pl\/ZOPAK-WP\/wp-content\/uploads\/2022\/08\/20220815_130531-2048x1152.jpg 2048w\" sizes=\"(max-width: 1024px) 100vw, 1024px\" \/><\/figure>\n<p>\n<!-- \/wp:image --><\/p>\n<p><!-- wp:image {\"id\":720,\"sizeSlug\":\"large\",\"linkDestination\":\"none\"} -->\n<\/p>\n<figure class=\"wp-block-image size-large\"><img loading=\"lazy\" width=\"1024\" height=\"576\" src=\"http:\/\/www.zopak-brzozow.pl\/ZOPAK-WP\/wp-content\/uploads\/2022\/08\/20220815_130547-1024x576.jpg\" alt=\"\" class=\"wp-image-720\" srcset=\"http:\/\/www.zopak-brzozow.pl\/ZOPAK-WP\/wp-content\/uploads\/2022\/08\/20220815_130547-1024x576.jpg 1024w, http:\/\/www.zopak-brzozow.pl\/ZOPAK-WP\/wp-content\/uploads\/2022\/08\/20220815_130547-300x169.jpg 300w, http:\/\/www.zopak-brzozow.pl\/ZOPAK-WP\/wp-content\/uploads\/2022\/08\/20220815_130547-768x432.jpg 768w, http:\/\/www.zopak-brzozow.pl\/ZOPAK-WP\/wp-content\/uploads\/2022\/08\/20220815_130547-1536x864.jpg 1536w, http:\/\/www.zopak-brzozow.pl\/ZOPAK-WP\/wp-content\/uploads\/2022\/08\/20220815_130547-2048x1152.jpg 2048w\" sizes=\"(max-width: 1024px) 100vw, 1024px\" \/><\/figure>\n<p>\n<!-- \/wp:image -->\n<\/p>\n<\/figure>\n<p>\n<!-- \/wp:gallery --><\/p>\n<hr style=\"width: 100%; height: 2px; color: blue; background-color: blue;\">\n<p><!-- wp:heading {\"level\":5,\"fontSize\":\"medium\"} --><\/p>\n<h5 class=\"has-medium-font-size\"><strong>14 sierpnia 2022 r.<\/strong><\/h5>\n<p>\n<!-- \/wp:heading --><\/p>\n<h6>102. Rocznica Bitwy Warszawskiej. Razem z mieszka\u0144cami Gminy Niepor\u0119t i zgromadzonymi go\u015b\u0107mi oddali\u015bmy ho\u0142d \u017co\u0142nierzom 28. Pu\u0142ku Strzelc\u00f3w Kaniowskich oraz ich dow\u00f3dcy kapitanowi Pogonowskiemu. Uczestniczyli\u015bmy we Mszy \u015awi\u0119tej polowej , a nast\u0119pnie z\u0142o\u017cyli\u015bmy wi\u0105zank\u0119 kwiat\u00f3w pod pomnikiem 28. Pu\u0142ku Strzelc\u00f3w Kaniowskich w W\u00f3lce Radzymi\u0144skiej.<br><\/h6>\n<p>Zdj\u0119cia cytujemy za oficjalnym biuletynem internetowym Gminy Niepor\u0119t: https:\/\/www.nieporet.pl\/do-wyroznienia\/<\/p>\n<p><\/p>\n<p><!-- wp:gallery {\"columns\":3,\"linkTo\":\"none\"} -->\n<\/p>\n<figure class=\"wp-block-gallery has-nested-images columns-default is-cropped\">\n<!-- wp:image {\"id\":708,\"sizeSlug\":\"large\",\"linkDestination\":\"none\"} --><p><\/p>\n<figure class=\"wp-block-image size-large\"><img loading=\"lazy\" width=\"1024\" height=\"611\" src=\"http:\/\/www.zopak-brzozow.pl\/ZOPAK-WP\/wp-content\/uploads\/2022\/08\/IMG_9426-1030x615-1-1024x611.jpg\" alt=\"\" class=\"wp-image-708\" srcset=\"http:\/\/www.zopak-brzozow.pl\/ZOPAK-WP\/wp-content\/uploads\/2022\/08\/IMG_9426-1030x615-1-1024x611.jpg 1024w, http:\/\/www.zopak-brzozow.pl\/ZOPAK-WP\/wp-content\/uploads\/2022\/08\/IMG_9426-1030x615-1-300x179.jpg 300w, http:\/\/www.zopak-brzozow.pl\/ZOPAK-WP\/wp-content\/uploads\/2022\/08\/IMG_9426-1030x615-1-768x459.jpg 768w, http:\/\/www.zopak-brzozow.pl\/ZOPAK-WP\/wp-content\/uploads\/2022\/08\/IMG_9426-1030x615-1.jpg 1030w\" sizes=\"(max-width: 1024px) 100vw, 1024px\" \/><figcaption><strong>Pomnik 28. Pu\u0142ku Strzelc\u00f3w Kaniowskich<\/strong><\/figcaption><\/figure>\n<p>\n<!-- \/wp:image --><\/p>\n<p><!-- wp:image {\"id\":709,\"sizeSlug\":\"large\",\"linkDestination\":\"none\"} -->\n<\/p>\n<figure class=\"wp-block-image size-large\"><img loading=\"lazy\" width=\"1024\" height=\"701\" src=\"http:\/\/www.zopak-brzozow.pl\/ZOPAK-WP\/wp-content\/uploads\/2022\/08\/IMG_9223-1-1030x705-1-1024x701.jpg\" alt=\"\" class=\"wp-image-709\" srcset=\"http:\/\/www.zopak-brzozow.pl\/ZOPAK-WP\/wp-content\/uploads\/2022\/08\/IMG_9223-1-1030x705-1-1024x701.jpg 1024w, http:\/\/www.zopak-brzozow.pl\/ZOPAK-WP\/wp-content\/uploads\/2022\/08\/IMG_9223-1-1030x705-1-300x205.jpg 300w, http:\/\/www.zopak-brzozow.pl\/ZOPAK-WP\/wp-content\/uploads\/2022\/08\/IMG_9223-1-1030x705-1-768x526.jpg 768w, http:\/\/www.zopak-brzozow.pl\/ZOPAK-WP\/wp-content\/uploads\/2022\/08\/IMG_9223-1-1030x705-1-130x90.jpg 130w, http:\/\/www.zopak-brzozow.pl\/ZOPAK-WP\/wp-content\/uploads\/2022\/08\/IMG_9223-1-1030x705-1.jpg 1030w\" sizes=\"(max-width: 1024px) 100vw, 1024px\" \/><p><\/p>\n<figcaption><strong>Msza \u015bw. polowa<\/strong><\/figcaption>\n<\/figure>\n<p>\n<!-- \/wp:image --><\/p>\n<p><!-- wp:image {\"id\":710,\"sizeSlug\":\"large\",\"linkDestination\":\"none\"} -->\n<\/p>\n<figure class=\"wp-block-image size-large\"><img loading=\"lazy\" width=\"1024\" height=\"906\" src=\"http:\/\/www.zopak-brzozow.pl\/ZOPAK-WP\/wp-content\/uploads\/2022\/08\/IMG_9174-1030x911-1-1024x906.jpg\" alt=\"\" class=\"wp-image-710\" srcset=\"http:\/\/www.zopak-brzozow.pl\/ZOPAK-WP\/wp-content\/uploads\/2022\/08\/IMG_9174-1030x911-1-1024x906.jpg 1024w, http:\/\/www.zopak-brzozow.pl\/ZOPAK-WP\/wp-content\/uploads\/2022\/08\/IMG_9174-1030x911-1-300x265.jpg 300w, http:\/\/www.zopak-brzozow.pl\/ZOPAK-WP\/wp-content\/uploads\/2022\/08\/IMG_9174-1030x911-1-768x679.jpg 768w, http:\/\/www.zopak-brzozow.pl\/ZOPAK-WP\/wp-content\/uploads\/2022\/08\/IMG_9174-1030x911-1.jpg 1030w\" sizes=\"(max-width: 1024px) 100vw, 1024px\" \/><p><\/p>\n<figcaption><strong>Poczty sztandarowe<\/strong><\/figcaption>\n<\/figure>\n<p>\n<!-- \/wp:image --><\/p>\n<p><!-- wp:image {\"id\":712,\"sizeSlug\":\"large\",\"linkDestination\":\"none\"} -->\n<\/p>\n<figure class=\"wp-block-image size-large\"><img loading=\"lazy\" width=\"1024\" height=\"723\" src=\"http:\/\/www.zopak-brzozow.pl\/ZOPAK-WP\/wp-content\/uploads\/2022\/08\/IMG_9315-2-1030x727-1-1024x723.jpg\" alt=\"\" class=\"wp-image-712\" srcset=\"http:\/\/www.zopak-brzozow.pl\/ZOPAK-WP\/wp-content\/uploads\/2022\/08\/IMG_9315-2-1030x727-1-1024x723.jpg 1024w, http:\/\/www.zopak-brzozow.pl\/ZOPAK-WP\/wp-content\/uploads\/2022\/08\/IMG_9315-2-1030x727-1-300x212.jpg 300w, http:\/\/www.zopak-brzozow.pl\/ZOPAK-WP\/wp-content\/uploads\/2022\/08\/IMG_9315-2-1030x727-1-768x542.jpg 768w, http:\/\/www.zopak-brzozow.pl\/ZOPAK-WP\/wp-content\/uploads\/2022\/08\/IMG_9315-2-1030x727-1.jpg 1030w\" sizes=\"(max-width: 1024px) 100vw, 1024px\" \/><p><\/p>\n<figcaption><strong>Apel Pami\u0119ci<\/strong><\/figcaption>\n<\/figure>\n<p>\n<!-- \/wp:image --><\/p>\n<p><!-- wp:image {\"id\":713,\"sizeSlug\":\"large\",\"linkDestination\":\"none\"} -->\n<\/p>\n<figure class=\"wp-block-image size-large\"><img loading=\"lazy\" width=\"1024\" height=\"652\" src=\"http:\/\/www.zopak-brzozow.pl\/ZOPAK-WP\/wp-content\/uploads\/2022\/08\/IMG_9307-2-1030x656-1-1024x652.jpg\" alt=\"\" class=\"wp-image-713\" srcset=\"http:\/\/www.zopak-brzozow.pl\/ZOPAK-WP\/wp-content\/uploads\/2022\/08\/IMG_9307-2-1030x656-1-1024x652.jpg 1024w, http:\/\/www.zopak-brzozow.pl\/ZOPAK-WP\/wp-content\/uploads\/2022\/08\/IMG_9307-2-1030x656-1-300x191.jpg 300w, http:\/\/www.zopak-brzozow.pl\/ZOPAK-WP\/wp-content\/uploads\/2022\/08\/IMG_9307-2-1030x656-1-768x489.jpg 768w, http:\/\/www.zopak-brzozow.pl\/ZOPAK-WP\/wp-content\/uploads\/2022\/08\/IMG_9307-2-1030x656-1.jpg 1030w\" sizes=\"(max-width: 1024px) 100vw, 1024px\" \/><p><\/p>\n<figcaption><strong>Salwa honorowa<\/strong><\/figcaption>\n<\/figure>\n<p>\n<!-- \/wp:image --><\/p>\n<p><!-- wp:image {\"id\":714,\"sizeSlug\":\"large\",\"linkDestination\":\"none\"} -->\n<\/p>\n<figure class=\"wp-block-image size-large\"><img loading=\"lazy\" width=\"1024\" height=\"683\" src=\"http:\/\/www.zopak-brzozow.pl\/ZOPAK-WP\/wp-content\/uploads\/2022\/08\/IMG_9395-2-1030x687-1-1024x683.jpg\" alt=\"\" class=\"wp-image-714\" srcset=\"http:\/\/www.zopak-brzozow.pl\/ZOPAK-WP\/wp-content\/uploads\/2022\/08\/IMG_9395-2-1030x687-1-1024x683.jpg 1024w, http:\/\/www.zopak-brzozow.pl\/ZOPAK-WP\/wp-content\/uploads\/2022\/08\/IMG_9395-2-1030x687-1-300x200.jpg 300w, http:\/\/www.zopak-brzozow.pl\/ZOPAK-WP\/wp-content\/uploads\/2022\/08\/IMG_9395-2-1030x687-1-768x512.jpg 768w, http:\/\/www.zopak-brzozow.pl\/ZOPAK-WP\/wp-content\/uploads\/2022\/08\/IMG_9395-2-1030x687-1.jpg 1030w\" sizes=\"(max-width: 1024px) 100vw, 1024px\" \/><p><\/p>\n<figcaption><strong>Nasza delegacja sk\u0142ada kwiaty<\/strong><\/figcaption>\n<\/figure>\n<p>\n<!-- \/wp:image -->\n<\/p>\n<\/figure>\n<p>\n<!-- \/wp:gallery --><\/p>\n<hr style=\"width: 100%; height: 2px; color: blue; background-color: blue;\">\n<p><!-- wp:heading {\"level\":5} --><\/p>\n<h5><strong>7 sierpnia 2022 r.<\/strong><\/h5>\n<p>\n<!-- \/wp:heading --><\/p>\n<h6><strong>X &#8211; jubileuszowy rajd rowerowy &#8222;Powstania Warszawskiego&#8221;<\/strong> organizowany przez so\u0142ectwo D\u0105browy Chotomowskiej. Ze strony ZOPAK &#8222;Brzoz\u00f3w&#8221; z zaproszenia skorzysta\u0142 Wojciech Jeute. Tak to zrelacjonowa\u0142: <em> Jestem pod wra\u017ceniem \u015bwietnej organizacji rajdu &#8211; to g\u0142\u00f3wna zas\u0142uga so\u0142tysa Radomira Czauderny, i&nbsp;wspania\u0142ych prelekcji historycznych przygotowanych przez pana Aleksandra Podleckiego. Udzia\u0142 w rajdzie by\u0142 dla mnie pi\u0119knym, patriotycznym prze\u017cyciem. Moje gratulacje !<\/em><\/h6>\n<p><\/p>\n<p><!-- wp:gallery {\"ids\":[],\"shortCodeTransforms\":[],\"columns\":2,\"linkTo\":\"none\"} -->\n<\/p>\n<figure class=\"wp-block-gallery has-nested-images columns-2 is-cropped\">\n<!-- wp:image {\"id\":704,\"sizeSlug\":\"large\",\"linkDestination\":\"none\"} --><p><\/p>\n<figure class=\"wp-block-image size-large\"><img loading=\"lazy\" width=\"754\" height=\"1024\" src=\"http:\/\/www.zopak-brzozow.pl\/ZOPAK-WP\/wp-content\/uploads\/2022\/08\/20220807_190118b-754x1024.jpg\" alt=\"\" class=\"wp-image-704\" srcset=\"http:\/\/www.zopak-brzozow.pl\/ZOPAK-WP\/wp-content\/uploads\/2022\/08\/20220807_190118b-754x1024.jpg 754w, http:\/\/www.zopak-brzozow.pl\/ZOPAK-WP\/wp-content\/uploads\/2022\/08\/20220807_190118b-221x300.jpg 221w, http:\/\/www.zopak-brzozow.pl\/ZOPAK-WP\/wp-content\/uploads\/2022\/08\/20220807_190118b-768x1043.jpg 768w, http:\/\/www.zopak-brzozow.pl\/ZOPAK-WP\/wp-content\/uploads\/2022\/08\/20220807_190118b-1131x1536.jpg 1131w, http:\/\/www.zopak-brzozow.pl\/ZOPAK-WP\/wp-content\/uploads\/2022\/08\/20220807_190118b-1508x2048.jpg 1508w, http:\/\/www.zopak-brzozow.pl\/ZOPAK-WP\/wp-content\/uploads\/2022\/08\/20220807_190118b-scaled.jpg 1885w\" sizes=\"(max-width: 754px) 100vw, 754px\" \/><p><\/p>\n<figcaption><strong>ZAPROSZENIE NA RAJD<\/strong><\/figcaption>\n<\/figure>\n<p>\n<!-- \/wp:image --><\/p>\n<p><!-- wp:image {\"id\":705,\"sizeSlug\":\"full\",\"linkDestination\":\"none\"} -->\n<\/p>\n<figure class=\"wp-block-image size-full\"><img loading=\"lazy\" width=\"2560\" height=\"1440\" src=\"http:\/\/www.zopak-brzozow.pl\/ZOPAK-WP\/wp-content\/uploads\/2022\/08\/20220807_170300-scaled.jpg\" alt=\"\" class=\"wp-image-705\" srcset=\"http:\/\/www.zopak-brzozow.pl\/ZOPAK-WP\/wp-content\/uploads\/2022\/08\/20220807_170300-scaled.jpg 2560w, http:\/\/www.zopak-brzozow.pl\/ZOPAK-WP\/wp-content\/uploads\/2022\/08\/20220807_170300-300x169.jpg 300w, http:\/\/www.zopak-brzozow.pl\/ZOPAK-WP\/wp-content\/uploads\/2022\/08\/20220807_170300-1024x576.jpg 1024w, http:\/\/www.zopak-brzozow.pl\/ZOPAK-WP\/wp-content\/uploads\/2022\/08\/20220807_170300-768x432.jpg 768w, http:\/\/www.zopak-brzozow.pl\/ZOPAK-WP\/wp-content\/uploads\/2022\/08\/20220807_170300-1536x864.jpg 1536w, http:\/\/www.zopak-brzozow.pl\/ZOPAK-WP\/wp-content\/uploads\/2022\/08\/20220807_170300-2048x1152.jpg 2048w\" sizes=\"(max-width: 2560px) 100vw, 2560px\" \/><p><\/p>\n<figcaption><strong>Za chwil\u0119 start<\/strong><\/figcaption>\n<\/figure>\n<p>\n<!-- \/wp:image --><\/p>\n<p><!-- wp:image {\"id\":707,\"sizeSlug\":\"full\",\"linkDestination\":\"none\"} -->\n<\/p>\n<figure class=\"wp-block-image size-full\"><img loading=\"lazy\" width=\"2560\" height=\"1440\" src=\"http:\/\/www.zopak-brzozow.pl\/ZOPAK-WP\/wp-content\/uploads\/2022\/08\/20220807_171825-scaled.jpg\" alt=\"\" class=\"wp-image-707\" srcset=\"http:\/\/www.zopak-brzozow.pl\/ZOPAK-WP\/wp-content\/uploads\/2022\/08\/20220807_171825-scaled.jpg 2560w, http:\/\/www.zopak-brzozow.pl\/ZOPAK-WP\/wp-content\/uploads\/2022\/08\/20220807_171825-300x169.jpg 300w, http:\/\/www.zopak-brzozow.pl\/ZOPAK-WP\/wp-content\/uploads\/2022\/08\/20220807_171825-1024x576.jpg 1024w, http:\/\/www.zopak-brzozow.pl\/ZOPAK-WP\/wp-content\/uploads\/2022\/08\/20220807_171825-768x432.jpg 768w, http:\/\/www.zopak-brzozow.pl\/ZOPAK-WP\/wp-content\/uploads\/2022\/08\/20220807_171825-1536x864.jpg 1536w, http:\/\/www.zopak-brzozow.pl\/ZOPAK-WP\/wp-content\/uploads\/2022\/08\/20220807_171825-2048x1152.jpg 2048w\" sizes=\"(max-width: 2560px) 100vw, 2560px\" \/><p><\/p>\n<figcaption>Grobowiec chor. Stanis\u0142awa Skawiniaka ps. &#8222;Zwierz&#8221; &#8211; szefa 3. kompanii 1. bat.<\/figcaption>\n<\/figure>\n<p>\n<!-- \/wp:image --><\/p>\n<p><!-- wp:image {\"id\":706,\"sizeSlug\":\"large\",\"linkDestination\":\"none\"} -->\n<\/p>\n<figure class=\"wp-block-image size-large\"><img loading=\"lazy\" width=\"1440\" height=\"2560\" src=\"http:\/\/www.zopak-brzozow.pl\/ZOPAK-WP\/wp-content\/uploads\/2022\/08\/20220807_172804-scaled.jpg\" alt=\"\" class=\"wp-image-706\" srcset=\"http:\/\/www.zopak-brzozow.pl\/ZOPAK-WP\/wp-content\/uploads\/2022\/08\/20220807_172804-scaled.jpg 1440w, http:\/\/www.zopak-brzozow.pl\/ZOPAK-WP\/wp-content\/uploads\/2022\/08\/20220807_172804-169x300.jpg 169w, http:\/\/www.zopak-brzozow.pl\/ZOPAK-WP\/wp-content\/uploads\/2022\/08\/20220807_172804-576x1024.jpg 576w, http:\/\/www.zopak-brzozow.pl\/ZOPAK-WP\/wp-content\/uploads\/2022\/08\/20220807_172804-768x1365.jpg 768w, http:\/\/www.zopak-brzozow.pl\/ZOPAK-WP\/wp-content\/uploads\/2022\/08\/20220807_172804-864x1536.jpg 864w, http:\/\/www.zopak-brzozow.pl\/ZOPAK-WP\/wp-content\/uploads\/2022\/08\/20220807_172804-1152x2048.jpg 1152w\" sizes=\"(max-width: 1440px) 100vw, 1440px\" \/><p><\/p>\n<figcaption>Grobowiec por. Zygmunta D\u0105browskiego ps. B\u0142yskawica dow\u00f3dcy plutonu 708<\/figcaption>\n<\/figure>\n<p>\n<!-- \/wp:image -->\n<\/p>\n<\/figure>\n<p>\n<!-- \/wp:gallery --><\/p>\n<hr style=\"width: 100%; height: 2px; color: blue; background-color: blue;\">\n<p><!-- wp:paragraph {\"align\":\"left\",\"style\":{\"typography\":{\"fontSize\":\"26px\"}}} --><\/p>\n<p class=\"has-text-align-left\" style=\"font-size:26px\"><strong>1 sierpnia 2022 r.<\/strong><\/p>\n<p>\n<!-- \/wp:paragraph --><\/p>\n<p><!-- wp:paragraph {\"align\":\"left\",\"style\":{\"typography\":{\"fontSize\":\"26px\"}}} -->\n<\/p>\n<p class=\"has-text-align-left\" style=\"font-size:26px\">Fotorelacja z uroczysto\u015bci 78. rocznicy wybuchu Powstania Warszawskiego<\/p>\n<p>\n<!-- \/wp:paragraph --><\/p>\n<p><!-- wp:gallery {\"columns\":3,\"linkTo\":\"none\"} -->\n<\/p>\n<figure class=\"wp-block-gallery has-nested-images columns-3 is-cropped\">\n<!-- wp:image {\"id\":453,\"sizeSlug\":\"large\",\"linkDestination\":\"none\"} --><p><\/p>\n<figure class=\"wp-block-image size-large\"><img loading=\"lazy\" width=\"642\" height=\"908\" src=\"http:\/\/www.zopak-brzozow.pl\/ZOPAK-WP\/wp-content\/uploads\/2022\/07\/78_roczn_PW.png\" alt=\"\" class=\"wp-image-453\" srcset=\"http:\/\/www.zopak-brzozow.pl\/ZOPAK-WP\/wp-content\/uploads\/2022\/07\/78_roczn_PW.png 642w, http:\/\/www.zopak-brzozow.pl\/ZOPAK-WP\/wp-content\/uploads\/2022\/07\/78_roczn_PW-212x300.png 212w\" sizes=\"(max-width: 642px) 100vw, 642px\" \/><p><\/p>\n<figcaption>Program uroczysto\u015bci<\/figcaption>\n<\/figure>\n<p>\n<!-- \/wp:image --><\/p>\n<p><!-- wp:image {\"id\":658,\"sizeSlug\":\"full\",\"linkDestination\":\"none\"} -->\n<\/p>\n<figure class=\"wp-block-image size-full\"><img loading=\"lazy\" width=\"301\" height=\"452\" src=\"http:\/\/www.zopak-brzozow.pl\/ZOPAK-WP\/wp-content\/uploads\/2022\/08\/image0000051.jpg\" alt=\"\" class=\"wp-image-658\" srcset=\"http:\/\/www.zopak-brzozow.pl\/ZOPAK-WP\/wp-content\/uploads\/2022\/08\/image0000051.jpg 301w, http:\/\/www.zopak-brzozow.pl\/ZOPAK-WP\/wp-content\/uploads\/2022\/08\/image0000051-200x300.jpg 200w\" sizes=\"(max-width: 301px) 100vw, 301px\" \/><p><\/p>\n<figcaption>Na legionowskim cmentarzu w Kwaterze Wojennej<\/figcaption>\n<\/figure>\n<p>\n<!-- \/wp:image --><\/p>\n<p><!-- wp:image {\"id\":659,\"sizeSlug\":\"large\",\"linkDestination\":\"none\"} -->\n<\/p>\n<figure class=\"wp-block-image size-large\"><img loading=\"lazy\" width=\"1024\" height=\"683\" src=\"http:\/\/www.zopak-brzozow.pl\/ZOPAK-WP\/wp-content\/uploads\/2022\/08\/296449400_5230549863648570_52684888732146864_n-1024x683.jpg\" alt=\"\" class=\"wp-image-659\" srcset=\"http:\/\/www.zopak-brzozow.pl\/ZOPAK-WP\/wp-content\/uploads\/2022\/08\/296449400_5230549863648570_52684888732146864_n-1024x683.jpg 1024w, http:\/\/www.zopak-brzozow.pl\/ZOPAK-WP\/wp-content\/uploads\/2022\/08\/296449400_5230549863648570_52684888732146864_n-300x200.jpg 300w, http:\/\/www.zopak-brzozow.pl\/ZOPAK-WP\/wp-content\/uploads\/2022\/08\/296449400_5230549863648570_52684888732146864_n-768x512.jpg 768w, http:\/\/www.zopak-brzozow.pl\/ZOPAK-WP\/wp-content\/uploads\/2022\/08\/296449400_5230549863648570_52684888732146864_n-1536x1024.jpg 1536w, http:\/\/www.zopak-brzozow.pl\/ZOPAK-WP\/wp-content\/uploads\/2022\/08\/296449400_5230549863648570_52684888732146864_n.jpg 2048w\" sizes=\"(max-width: 1024px) 100vw, 1024px\" \/><p><\/p>\n<figcaption>Dekoracja krzy\u017cy z 1939 r. na legionowskim cmentarzu w Kwaterze Wojennej<\/figcaption>\n<\/figure>\n<p>\n<!-- \/wp:image --><\/p>\n<p><!-- wp:image {\"id\":662,\"sizeSlug\":\"large\",\"linkDestination\":\"none\",\"className\":\"is-style-default\"} -->\n<\/p>\n<figure class=\"wp-block-image size-large is-style-default\"><img loading=\"lazy\" width=\"1024\" height=\"683\" src=\"http:\/\/www.zopak-brzozow.pl\/ZOPAK-WP\/wp-content\/uploads\/2022\/08\/296696120_5230550490315174_8094949424498835253_n-1024x683.jpg\" alt=\"\" class=\"wp-image-662\" srcset=\"http:\/\/www.zopak-brzozow.pl\/ZOPAK-WP\/wp-content\/uploads\/2022\/08\/296696120_5230550490315174_8094949424498835253_n-1024x683.jpg 1024w, http:\/\/www.zopak-brzozow.pl\/ZOPAK-WP\/wp-content\/uploads\/2022\/08\/296696120_5230550490315174_8094949424498835253_n-300x200.jpg 300w, http:\/\/www.zopak-brzozow.pl\/ZOPAK-WP\/wp-content\/uploads\/2022\/08\/296696120_5230550490315174_8094949424498835253_n-768x512.jpg 768w, http:\/\/www.zopak-brzozow.pl\/ZOPAK-WP\/wp-content\/uploads\/2022\/08\/296696120_5230550490315174_8094949424498835253_n-1536x1024.jpg 1536w, http:\/\/www.zopak-brzozow.pl\/ZOPAK-WP\/wp-content\/uploads\/2022\/08\/296696120_5230550490315174_8094949424498835253_n.jpg 2048w\" sizes=\"(max-width: 1024px) 100vw, 1024px\" \/><p><\/p>\n<figcaption>Na legionowskim cmentarzu w Kwaterze Wojennej<\/figcaption>\n<\/figure>\n<p>\n<!-- \/wp:image --><\/p>\n<p><!-- wp:image {\"id\":660,\"sizeSlug\":\"medium\",\"linkDestination\":\"none\"} -->\n<\/p>\n<figure class=\"wp-block-image size-medium\"><img loading=\"lazy\" width=\"300\" height=\"200\" src=\"http:\/\/www.zopak-brzozow.pl\/ZOPAK-WP\/wp-content\/uploads\/2022\/08\/296213216_5230550210315202_3901180306148681192_n-300x200.jpg\" alt=\"\" class=\"wp-image-660\" srcset=\"http:\/\/www.zopak-brzozow.pl\/ZOPAK-WP\/wp-content\/uploads\/2022\/08\/296213216_5230550210315202_3901180306148681192_n-300x200.jpg 300w, http:\/\/www.zopak-brzozow.pl\/ZOPAK-WP\/wp-content\/uploads\/2022\/08\/296213216_5230550210315202_3901180306148681192_n-1024x683.jpg 1024w, http:\/\/www.zopak-brzozow.pl\/ZOPAK-WP\/wp-content\/uploads\/2022\/08\/296213216_5230550210315202_3901180306148681192_n-768x512.jpg 768w, http:\/\/www.zopak-brzozow.pl\/ZOPAK-WP\/wp-content\/uploads\/2022\/08\/296213216_5230550210315202_3901180306148681192_n-1536x1024.jpg 1536w, http:\/\/www.zopak-brzozow.pl\/ZOPAK-WP\/wp-content\/uploads\/2022\/08\/296213216_5230550210315202_3901180306148681192_n.jpg 2048w\" sizes=\"(max-width: 300px) 100vw, 300px\" \/><p><\/p>\n<figcaption>Na legionowskim cmentarzu w Kwaterze poleg\u0142ych na Syberii<\/figcaption>\n<\/figure>\n<p>\n<!-- \/wp:image --><\/p>\n<p><!-- wp:image {\"id\":661,\"sizeSlug\":\"medium\",\"linkDestination\":\"none\"} -->\n<\/p>\n<figure class=\"wp-block-image size-medium\"><img loading=\"lazy\" width=\"300\" height=\"200\" src=\"http:\/\/www.zopak-brzozow.pl\/ZOPAK-WP\/wp-content\/uploads\/2022\/08\/296204677_5230549036981986_4545496818571105438_n-300x200.jpg\" alt=\"\" class=\"wp-image-661\" srcset=\"http:\/\/www.zopak-brzozow.pl\/ZOPAK-WP\/wp-content\/uploads\/2022\/08\/296204677_5230549036981986_4545496818571105438_n-300x200.jpg 300w, http:\/\/www.zopak-brzozow.pl\/ZOPAK-WP\/wp-content\/uploads\/2022\/08\/296204677_5230549036981986_4545496818571105438_n-1024x683.jpg 1024w, http:\/\/www.zopak-brzozow.pl\/ZOPAK-WP\/wp-content\/uploads\/2022\/08\/296204677_5230549036981986_4545496818571105438_n-768x512.jpg 768w, http:\/\/www.zopak-brzozow.pl\/ZOPAK-WP\/wp-content\/uploads\/2022\/08\/296204677_5230549036981986_4545496818571105438_n-1536x1024.jpg 1536w, http:\/\/www.zopak-brzozow.pl\/ZOPAK-WP\/wp-content\/uploads\/2022\/08\/296204677_5230549036981986_4545496818571105438_n.jpg 2048w\" sizes=\"(max-width: 300px) 100vw, 300px\" \/><p><\/p>\n<figcaption>Na legionowskim cmentarzu w Kwaterze poleg\u0142ych na Syberii<\/figcaption>\n<\/figure>\n<p>\n<!-- \/wp:image --><\/p>\n<p><!-- wp:image {\"id\":665,\"sizeSlug\":\"large\",\"linkDestination\":\"none\"} -->\n<\/p>\n<figure class=\"wp-block-image size-large\"><img loading=\"lazy\" width=\"319\" height=\"212\" src=\"http:\/\/www.zopak-brzozow.pl\/ZOPAK-WP\/wp-content\/uploads\/2022\/08\/image00000611.jpg\" alt=\"\" class=\"wp-image-665\" srcset=\"http:\/\/www.zopak-brzozow.pl\/ZOPAK-WP\/wp-content\/uploads\/2022\/08\/image00000611.jpg 319w, http:\/\/www.zopak-brzozow.pl\/ZOPAK-WP\/wp-content\/uploads\/2022\/08\/image00000611-300x199.jpg 300w\" sizes=\"(max-width: 319px) 100vw, 319px\" \/><p><\/p>\n<figcaption>Przy pomniku \u017co\u0142nierzy AK poleg\u0142ych w &#8222;walce o tory&#8221;<\/figcaption>\n<\/figure>\n<p>\n<!-- \/wp:image --><\/p>\n<p><!-- wp:image {\"id\":667,\"sizeSlug\":\"large\",\"linkDestination\":\"none\"} -->\n<\/p>\n<figure class=\"wp-block-image size-large\"><img loading=\"lazy\" width=\"1024\" height=\"683\" src=\"http:\/\/www.zopak-brzozow.pl\/ZOPAK-WP\/wp-content\/uploads\/2022\/08\/296172634_5230548663648690_907711181659848599_n-1024x683.jpg\" alt=\"\" class=\"wp-image-667\" srcset=\"http:\/\/www.zopak-brzozow.pl\/ZOPAK-WP\/wp-content\/uploads\/2022\/08\/296172634_5230548663648690_907711181659848599_n-1024x683.jpg 1024w, http:\/\/www.zopak-brzozow.pl\/ZOPAK-WP\/wp-content\/uploads\/2022\/08\/296172634_5230548663648690_907711181659848599_n-300x200.jpg 300w, http:\/\/www.zopak-brzozow.pl\/ZOPAK-WP\/wp-content\/uploads\/2022\/08\/296172634_5230548663648690_907711181659848599_n-768x512.jpg 768w, http:\/\/www.zopak-brzozow.pl\/ZOPAK-WP\/wp-content\/uploads\/2022\/08\/296172634_5230548663648690_907711181659848599_n-1536x1024.jpg 1536w, http:\/\/www.zopak-brzozow.pl\/ZOPAK-WP\/wp-content\/uploads\/2022\/08\/296172634_5230548663648690_907711181659848599_n.jpg 2048w\" sizes=\"(max-width: 1024px) 100vw, 1024px\" \/><p><\/p>\n<figcaption>Przy pomniku \u017co\u0142nierzy AK poleg\u0142ych w &#8222;walce o tory&#8221;<\/figcaption>\n<\/figure>\n<p>\n<!-- \/wp:image --><\/p>\n<p><!-- wp:image {\"id\":663,\"sizeSlug\":\"large\",\"linkDestination\":\"none\"} -->\n<\/p>\n<figure class=\"wp-block-image size-large\"><img loading=\"lazy\" width=\"1024\" height=\"683\" src=\"http:\/\/www.zopak-brzozow.pl\/ZOPAK-WP\/wp-content\/uploads\/2022\/08\/296202723_5230549913648565_2183085341756545063_n-1024x683.jpg\" alt=\"\" class=\"wp-image-663\" srcset=\"http:\/\/www.zopak-brzozow.pl\/ZOPAK-WP\/wp-content\/uploads\/2022\/08\/296202723_5230549913648565_2183085341756545063_n-1024x683.jpg 1024w, http:\/\/www.zopak-brzozow.pl\/ZOPAK-WP\/wp-content\/uploads\/2022\/08\/296202723_5230549913648565_2183085341756545063_n-300x200.jpg 300w, http:\/\/www.zopak-brzozow.pl\/ZOPAK-WP\/wp-content\/uploads\/2022\/08\/296202723_5230549913648565_2183085341756545063_n-768x512.jpg 768w, http:\/\/www.zopak-brzozow.pl\/ZOPAK-WP\/wp-content\/uploads\/2022\/08\/296202723_5230549913648565_2183085341756545063_n-1536x1024.jpg 1536w, http:\/\/www.zopak-brzozow.pl\/ZOPAK-WP\/wp-content\/uploads\/2022\/08\/296202723_5230549913648565_2183085341756545063_n.jpg 2048w\" sizes=\"(max-width: 1024px) 100vw, 1024px\" \/><p><\/p>\n<figcaption>Przy pomniku \u017co\u0142nierzy AK poleg\u0142ych w &#8222;walce o tory&#8221;<\/figcaption>\n<\/figure>\n<p>\n<!-- \/wp:image --><\/p>\n<p><!-- wp:image {\"id\":670,\"sizeSlug\":\"large\",\"linkDestination\":\"none\"} -->\n<\/p>\n<figure class=\"wp-block-image size-large\"><img loading=\"lazy\" width=\"319\" height=\"213\" src=\"http:\/\/www.zopak-brzozow.pl\/ZOPAK-WP\/wp-content\/uploads\/2022\/08\/image0000021.jpg\" alt=\"\" class=\"wp-image-670\" srcset=\"http:\/\/www.zopak-brzozow.pl\/ZOPAK-WP\/wp-content\/uploads\/2022\/08\/image0000021.jpg 319w, http:\/\/www.zopak-brzozow.pl\/ZOPAK-WP\/wp-content\/uploads\/2022\/08\/image0000021-300x200.jpg 300w\" sizes=\"(max-width: 319px) 100vw, 319px\" \/><p><\/p>\n<figcaption>Przy pomniku \u017co\u0142nierzy AK poleg\u0142ych w &#8222;walce o tory&#8221;<\/figcaption>\n<\/figure>\n<p>\n<!-- \/wp:image --><\/p>\n<p><!-- wp:image {\"id\":684,\"sizeSlug\":\"large\",\"linkDestination\":\"none\"} -->\n<\/p>\n<figure class=\"wp-block-image size-large\"><img loading=\"lazy\" width=\"1024\" height=\"683\" src=\"http:\/\/www.zopak-brzozow.pl\/ZOPAK-WP\/wp-content\/uploads\/2022\/08\/296236866_5230546800315543_8958357425176200232_n-1024x683.jpg\" alt=\"\" class=\"wp-image-684\" srcset=\"http:\/\/www.zopak-brzozow.pl\/ZOPAK-WP\/wp-content\/uploads\/2022\/08\/296236866_5230546800315543_8958357425176200232_n-1024x683.jpg 1024w, http:\/\/www.zopak-brzozow.pl\/ZOPAK-WP\/wp-content\/uploads\/2022\/08\/296236866_5230546800315543_8958357425176200232_n-300x200.jpg 300w, http:\/\/www.zopak-brzozow.pl\/ZOPAK-WP\/wp-content\/uploads\/2022\/08\/296236866_5230546800315543_8958357425176200232_n-768x512.jpg 768w, http:\/\/www.zopak-brzozow.pl\/ZOPAK-WP\/wp-content\/uploads\/2022\/08\/296236866_5230546800315543_8958357425176200232_n-1536x1024.jpg 1536w, http:\/\/www.zopak-brzozow.pl\/ZOPAK-WP\/wp-content\/uploads\/2022\/08\/296236866_5230546800315543_8958357425176200232_n.jpg 2048w\" sizes=\"(max-width: 1024px) 100vw, 1024px\" \/><p><\/p>\n<figcaption>Przy pomniku \u017co\u0142nierzy AK poleg\u0142ych w &#8222;walce o tory&#8221;<\/figcaption>\n<\/figure>\n<p>\n<!-- \/wp:image --><\/p>\n<p><!-- wp:image {\"id\":666,\"sizeSlug\":\"large\",\"linkDestination\":\"none\"} -->\n<\/p>\n<figure class=\"wp-block-image size-large\"><img loading=\"lazy\" width=\"1024\" height=\"683\" src=\"http:\/\/www.zopak-brzozow.pl\/ZOPAK-WP\/wp-content\/uploads\/2022\/08\/296214090_5230549960315227_8671491750466973339_n-1024x683.jpg\" alt=\"\" class=\"wp-image-666\" srcset=\"http:\/\/www.zopak-brzozow.pl\/ZOPAK-WP\/wp-content\/uploads\/2022\/08\/296214090_5230549960315227_8671491750466973339_n-1024x683.jpg 1024w, http:\/\/www.zopak-brzozow.pl\/ZOPAK-WP\/wp-content\/uploads\/2022\/08\/296214090_5230549960315227_8671491750466973339_n-300x200.jpg 300w, http:\/\/www.zopak-brzozow.pl\/ZOPAK-WP\/wp-content\/uploads\/2022\/08\/296214090_5230549960315227_8671491750466973339_n-768x512.jpg 768w, http:\/\/www.zopak-brzozow.pl\/ZOPAK-WP\/wp-content\/uploads\/2022\/08\/296214090_5230549960315227_8671491750466973339_n-1536x1024.jpg 1536w, http:\/\/www.zopak-brzozow.pl\/ZOPAK-WP\/wp-content\/uploads\/2022\/08\/296214090_5230549960315227_8671491750466973339_n.jpg 2048w\" sizes=\"(max-width: 1024px) 100vw, 1024px\" \/><p><\/p>\n<figcaption>Przy pomniku harcerzy poleg\u0142ych 2 sierpnia przy Szosie Warszawskiej<\/figcaption>\n<\/figure>\n<p>\n<!-- \/wp:image --><\/p>\n<p><!-- wp:image {\"id\":668,\"sizeSlug\":\"large\",\"linkDestination\":\"none\"} -->\n<\/p>\n<figure class=\"wp-block-image size-large\"><img loading=\"lazy\" width=\"1024\" height=\"683\" src=\"http:\/\/www.zopak-brzozow.pl\/ZOPAK-WP\/wp-content\/uploads\/2022\/08\/296238329_5230549333648623_3395845238283845146_n-1024x683.jpg\" alt=\"\" class=\"wp-image-668\" srcset=\"http:\/\/www.zopak-brzozow.pl\/ZOPAK-WP\/wp-content\/uploads\/2022\/08\/296238329_5230549333648623_3395845238283845146_n-1024x683.jpg 1024w, http:\/\/www.zopak-brzozow.pl\/ZOPAK-WP\/wp-content\/uploads\/2022\/08\/296238329_5230549333648623_3395845238283845146_n-300x200.jpg 300w, http:\/\/www.zopak-brzozow.pl\/ZOPAK-WP\/wp-content\/uploads\/2022\/08\/296238329_5230549333648623_3395845238283845146_n-768x512.jpg 768w, http:\/\/www.zopak-brzozow.pl\/ZOPAK-WP\/wp-content\/uploads\/2022\/08\/296238329_5230549333648623_3395845238283845146_n-1536x1024.jpg 1536w, http:\/\/www.zopak-brzozow.pl\/ZOPAK-WP\/wp-content\/uploads\/2022\/08\/296238329_5230549333648623_3395845238283845146_n.jpg 2048w\" sizes=\"(max-width: 1024px) 100vw, 1024px\" \/><p><\/p>\n<figcaption>Przy pomniku harcerzy poleg\u0142ych 2 sierpnia przy Szosie Warszawskiej<\/figcaption>\n<\/figure>\n<p>\n<!-- \/wp:image --><\/p>\n<p><!-- wp:image {\"id\":669,\"sizeSlug\":\"large\",\"linkDestination\":\"none\"} -->\n<\/p>\n<figure class=\"wp-block-image size-large\"><img loading=\"lazy\" width=\"1024\" height=\"683\" src=\"http:\/\/www.zopak-brzozow.pl\/ZOPAK-WP\/wp-content\/uploads\/2022\/08\/296905882_5230551313648425_7209453291387375627_n-1024x683.jpg\" alt=\"\" class=\"wp-image-669\" srcset=\"http:\/\/www.zopak-brzozow.pl\/ZOPAK-WP\/wp-content\/uploads\/2022\/08\/296905882_5230551313648425_7209453291387375627_n-1024x683.jpg 1024w, http:\/\/www.zopak-brzozow.pl\/ZOPAK-WP\/wp-content\/uploads\/2022\/08\/296905882_5230551313648425_7209453291387375627_n-300x200.jpg 300w, http:\/\/www.zopak-brzozow.pl\/ZOPAK-WP\/wp-content\/uploads\/2022\/08\/296905882_5230551313648425_7209453291387375627_n-768x512.jpg 768w, http:\/\/www.zopak-brzozow.pl\/ZOPAK-WP\/wp-content\/uploads\/2022\/08\/296905882_5230551313648425_7209453291387375627_n-1536x1024.jpg 1536w, http:\/\/www.zopak-brzozow.pl\/ZOPAK-WP\/wp-content\/uploads\/2022\/08\/296905882_5230551313648425_7209453291387375627_n.jpg 2048w\" sizes=\"(max-width: 1024px) 100vw, 1024px\" \/><p><\/p>\n<figcaption>Przy pomniku harcerzy poleg\u0142ych 2 sierpnia przy Szosie Warszawskiej<\/figcaption>\n<\/figure>\n<p>\n<!-- \/wp:image --><\/p>\n<p><!-- wp:image {\"id\":685,\"sizeSlug\":\"large\",\"linkDestination\":\"none\"} -->\n<\/p>\n<figure class=\"wp-block-image size-large\"><img loading=\"lazy\" width=\"1024\" height=\"683\" src=\"http:\/\/www.zopak-brzozow.pl\/ZOPAK-WP\/wp-content\/uploads\/2022\/08\/296216833_5230547900315433_2246830097679580507_n-1-1024x683.jpg\" alt=\"\" class=\"wp-image-685\" srcset=\"http:\/\/www.zopak-brzozow.pl\/ZOPAK-WP\/wp-content\/uploads\/2022\/08\/296216833_5230547900315433_2246830097679580507_n-1-1024x683.jpg 1024w, http:\/\/www.zopak-brzozow.pl\/ZOPAK-WP\/wp-content\/uploads\/2022\/08\/296216833_5230547900315433_2246830097679580507_n-1-300x200.jpg 300w, http:\/\/www.zopak-brzozow.pl\/ZOPAK-WP\/wp-content\/uploads\/2022\/08\/296216833_5230547900315433_2246830097679580507_n-1-768x512.jpg 768w, http:\/\/www.zopak-brzozow.pl\/ZOPAK-WP\/wp-content\/uploads\/2022\/08\/296216833_5230547900315433_2246830097679580507_n-1-1536x1024.jpg 1536w, http:\/\/www.zopak-brzozow.pl\/ZOPAK-WP\/wp-content\/uploads\/2022\/08\/296216833_5230547900315433_2246830097679580507_n-1.jpg 2048w\" sizes=\"(max-width: 1024px) 100vw, 1024px\" \/><p><\/p>\n<figcaption>Przy pomniku harcerzy poleg\u0142ych 2 sierpnia przy Szosie Warszawskiej<\/figcaption>\n<\/figure>\n<p>\n<!-- \/wp:image --><\/p>\n<p><!-- wp:image {\"id\":671,\"sizeSlug\":\"large\",\"linkDestination\":\"none\"} -->\n<\/p>\n<figure class=\"wp-block-image size-large\"><img loading=\"lazy\" width=\"319\" height=\"213\" src=\"http:\/\/www.zopak-brzozow.pl\/ZOPAK-WP\/wp-content\/uploads\/2022\/08\/image0000081.jpg\" alt=\"\" class=\"wp-image-671\" srcset=\"http:\/\/www.zopak-brzozow.pl\/ZOPAK-WP\/wp-content\/uploads\/2022\/08\/image0000081.jpg 319w, http:\/\/www.zopak-brzozow.pl\/ZOPAK-WP\/wp-content\/uploads\/2022\/08\/image0000081-300x200.jpg 300w\" sizes=\"(max-width: 319px) 100vw, 319px\" \/><p><\/p>\n<figcaption>Przy pomniku harcerzy poleg\u0142ych 2 sierpnia przy Szosie Warszawskiej<\/figcaption>\n<\/figure>\n<p>\n<!-- \/wp:image --><\/p>\n<p><!-- wp:image {\"id\":672,\"sizeSlug\":\"large\",\"linkDestination\":\"none\"} -->\n<\/p>\n<figure class=\"wp-block-image size-large\"><img loading=\"lazy\" width=\"319\" height=\"213\" src=\"http:\/\/www.zopak-brzozow.pl\/ZOPAK-WP\/wp-content\/uploads\/2022\/08\/image0000071.jpg\" alt=\"\" class=\"wp-image-672\" srcset=\"http:\/\/www.zopak-brzozow.pl\/ZOPAK-WP\/wp-content\/uploads\/2022\/08\/image0000071.jpg 319w, http:\/\/www.zopak-brzozow.pl\/ZOPAK-WP\/wp-content\/uploads\/2022\/08\/image0000071-300x200.jpg 300w\" sizes=\"(max-width: 319px) 100vw, 319px\" \/><p><\/p>\n<figcaption>Przy pomniku harcerzy poleg\u0142ych 2 sierpnia przy Szosie Warszawskiej<\/figcaption>\n<\/figure>\n<p>\n<!-- \/wp:image --><\/p>\n<p><!-- wp:image {\"id\":682,\"sizeSlug\":\"large\",\"linkDestination\":\"none\"} -->\n<\/p>\n<figure class=\"wp-block-image size-large\"><img loading=\"lazy\" width=\"1024\" height=\"683\" src=\"http:\/\/www.zopak-brzozow.pl\/ZOPAK-WP\/wp-content\/uploads\/2022\/08\/296343873_5230540860316137_1249412225889085431_n-1024x683.jpg\" alt=\"\" class=\"wp-image-682\" srcset=\"http:\/\/www.zopak-brzozow.pl\/ZOPAK-WP\/wp-content\/uploads\/2022\/08\/296343873_5230540860316137_1249412225889085431_n-1024x683.jpg 1024w, http:\/\/www.zopak-brzozow.pl\/ZOPAK-WP\/wp-content\/uploads\/2022\/08\/296343873_5230540860316137_1249412225889085431_n-300x200.jpg 300w, http:\/\/www.zopak-brzozow.pl\/ZOPAK-WP\/wp-content\/uploads\/2022\/08\/296343873_5230540860316137_1249412225889085431_n-768x512.jpg 768w, http:\/\/www.zopak-brzozow.pl\/ZOPAK-WP\/wp-content\/uploads\/2022\/08\/296343873_5230540860316137_1249412225889085431_n-1536x1024.jpg 1536w, http:\/\/www.zopak-brzozow.pl\/ZOPAK-WP\/wp-content\/uploads\/2022\/08\/296343873_5230540860316137_1249412225889085431_n.jpg 2048w\" sizes=\"(max-width: 1024px) 100vw, 1024px\" \/><p><\/p>\n<figcaption>Przy pomniku harcerzy poleg\u0142ych 2 sierpnia przy Szosie Warszawskiej<\/figcaption>\n<\/figure>\n<p>\n<!-- \/wp:image --><\/p>\n<p><!-- wp:image {\"id\":673,\"sizeSlug\":\"large\",\"linkDestination\":\"none\"} -->\n<\/p>\n<figure class=\"wp-block-image size-large\"><img loading=\"lazy\" width=\"1024\" height=\"683\" src=\"http:\/\/www.zopak-brzozow.pl\/ZOPAK-WP\/wp-content\/uploads\/2022\/08\/296780343_5231110966925793_1609371301473924388_n-1024x683.jpg\" alt=\"\" class=\"wp-image-673\" srcset=\"http:\/\/www.zopak-brzozow.pl\/ZOPAK-WP\/wp-content\/uploads\/2022\/08\/296780343_5231110966925793_1609371301473924388_n-1024x683.jpg 1024w, http:\/\/www.zopak-brzozow.pl\/ZOPAK-WP\/wp-content\/uploads\/2022\/08\/296780343_5231110966925793_1609371301473924388_n-300x200.jpg 300w, http:\/\/www.zopak-brzozow.pl\/ZOPAK-WP\/wp-content\/uploads\/2022\/08\/296780343_5231110966925793_1609371301473924388_n-768x512.jpg 768w, http:\/\/www.zopak-brzozow.pl\/ZOPAK-WP\/wp-content\/uploads\/2022\/08\/296780343_5231110966925793_1609371301473924388_n-1536x1024.jpg 1536w, http:\/\/www.zopak-brzozow.pl\/ZOPAK-WP\/wp-content\/uploads\/2022\/08\/296780343_5231110966925793_1609371301473924388_n.jpg 2048w\" sizes=\"(max-width: 1024px) 100vw, 1024px\" \/><p><\/p>\n<figcaption>Przy pomniku Polski Walcz\u0105cej na Rondzie AK<\/figcaption>\n<\/figure>\n<p>\n<!-- \/wp:image --><\/p>\n<p><!-- wp:image {\"id\":686,\"sizeSlug\":\"large\",\"linkDestination\":\"none\"} -->\n<\/p>\n<figure class=\"wp-block-image size-large\"><img loading=\"lazy\" width=\"1024\" height=\"959\" src=\"http:\/\/www.zopak-brzozow.pl\/ZOPAK-WP\/wp-content\/uploads\/2022\/08\/296266826_5231196193583937_1491463774373029888_n-1-1024x959.jpg\" alt=\"\" class=\"wp-image-686\" srcset=\"http:\/\/www.zopak-brzozow.pl\/ZOPAK-WP\/wp-content\/uploads\/2022\/08\/296266826_5231196193583937_1491463774373029888_n-1-1024x959.jpg 1024w, http:\/\/www.zopak-brzozow.pl\/ZOPAK-WP\/wp-content\/uploads\/2022\/08\/296266826_5231196193583937_1491463774373029888_n-1-300x281.jpg 300w, http:\/\/www.zopak-brzozow.pl\/ZOPAK-WP\/wp-content\/uploads\/2022\/08\/296266826_5231196193583937_1491463774373029888_n-1-768x719.jpg 768w, http:\/\/www.zopak-brzozow.pl\/ZOPAK-WP\/wp-content\/uploads\/2022\/08\/296266826_5231196193583937_1491463774373029888_n-1.jpg 1365w\" sizes=\"(max-width: 1024px) 100vw, 1024px\" \/><p><\/p>\n<figcaption>Przy pomniku Polski Walcz\u0105cej na Rondzie AK<\/figcaption>\n<\/figure>\n<p>\n<!-- \/wp:image --><\/p>\n<p><!-- wp:image {\"id\":675,\"sizeSlug\":\"large\",\"linkDestination\":\"none\"} -->\n<\/p>\n<figure class=\"wp-block-image size-large\"><img loading=\"lazy\" width=\"1024\" height=\"683\" src=\"http:\/\/www.zopak-brzozow.pl\/ZOPAK-WP\/wp-content\/uploads\/2022\/08\/296207392_5231209566915933_7364514513977358333_n-1024x683.jpg\" alt=\"\" class=\"wp-image-675\" srcset=\"http:\/\/www.zopak-brzozow.pl\/ZOPAK-WP\/wp-content\/uploads\/2022\/08\/296207392_5231209566915933_7364514513977358333_n-1024x683.jpg 1024w, http:\/\/www.zopak-brzozow.pl\/ZOPAK-WP\/wp-content\/uploads\/2022\/08\/296207392_5231209566915933_7364514513977358333_n-300x200.jpg 300w, http:\/\/www.zopak-brzozow.pl\/ZOPAK-WP\/wp-content\/uploads\/2022\/08\/296207392_5231209566915933_7364514513977358333_n-768x512.jpg 768w, http:\/\/www.zopak-brzozow.pl\/ZOPAK-WP\/wp-content\/uploads\/2022\/08\/296207392_5231209566915933_7364514513977358333_n-1536x1024.jpg 1536w, http:\/\/www.zopak-brzozow.pl\/ZOPAK-WP\/wp-content\/uploads\/2022\/08\/296207392_5231209566915933_7364514513977358333_n.jpg 2048w\" sizes=\"(max-width: 1024px) 100vw, 1024px\" \/><p><\/p>\n<figcaption>Przy pomniku Polski Walcz\u0105cej na Rondzie AK<\/figcaption>\n<\/figure>\n<p>\n<!-- \/wp:image --><\/p>\n<p><!-- wp:image {\"id\":679,\"sizeSlug\":\"large\",\"linkDestination\":\"none\"} -->\n<\/p>\n<figure class=\"wp-block-image size-large\"><img loading=\"lazy\" width=\"1024\" height=\"683\" src=\"http:\/\/www.zopak-brzozow.pl\/ZOPAK-WP\/wp-content\/uploads\/2022\/08\/296230798_5231119916924898_2099879999599374841_n-1024x683.jpg\" alt=\"\" class=\"wp-image-679\" srcset=\"http:\/\/www.zopak-brzozow.pl\/ZOPAK-WP\/wp-content\/uploads\/2022\/08\/296230798_5231119916924898_2099879999599374841_n-1024x683.jpg 1024w, http:\/\/www.zopak-brzozow.pl\/ZOPAK-WP\/wp-content\/uploads\/2022\/08\/296230798_5231119916924898_2099879999599374841_n-300x200.jpg 300w, http:\/\/www.zopak-brzozow.pl\/ZOPAK-WP\/wp-content\/uploads\/2022\/08\/296230798_5231119916924898_2099879999599374841_n-768x512.jpg 768w, http:\/\/www.zopak-brzozow.pl\/ZOPAK-WP\/wp-content\/uploads\/2022\/08\/296230798_5231119916924898_2099879999599374841_n-1536x1024.jpg 1536w, http:\/\/www.zopak-brzozow.pl\/ZOPAK-WP\/wp-content\/uploads\/2022\/08\/296230798_5231119916924898_2099879999599374841_n.jpg 2048w\" sizes=\"(max-width: 1024px) 100vw, 1024px\" \/><p><\/p>\n<figcaption>Przy pomniku Polski Walcz\u0105cej na Rondzie AK<\/figcaption>\n<\/figure>\n<p>\n<!-- \/wp:image --><\/p>\n<p><!-- wp:image {\"id\":676,\"sizeSlug\":\"full\",\"linkDestination\":\"none\"} -->\n<\/p>\n<figure class=\"wp-block-image size-full\"><img loading=\"lazy\" width=\"904\" height=\"1356\" src=\"http:\/\/www.zopak-brzozow.pl\/ZOPAK-WP\/wp-content\/uploads\/2022\/08\/296189104_5231111326925757_4908449511836773299_n-edited.jpg\" alt=\"\" class=\"wp-image-676\" srcset=\"http:\/\/www.zopak-brzozow.pl\/ZOPAK-WP\/wp-content\/uploads\/2022\/08\/296189104_5231111326925757_4908449511836773299_n-edited.jpg 904w, http:\/\/www.zopak-brzozow.pl\/ZOPAK-WP\/wp-content\/uploads\/2022\/08\/296189104_5231111326925757_4908449511836773299_n-edited-200x300.jpg 200w, http:\/\/www.zopak-brzozow.pl\/ZOPAK-WP\/wp-content\/uploads\/2022\/08\/296189104_5231111326925757_4908449511836773299_n-edited-683x1024.jpg 683w, http:\/\/www.zopak-brzozow.pl\/ZOPAK-WP\/wp-content\/uploads\/2022\/08\/296189104_5231111326925757_4908449511836773299_n-edited-768x1152.jpg 768w\" sizes=\"(max-width: 904px) 100vw, 904px\" \/><p><\/p>\n<figcaption>Przy pomniku Polski Walcz\u0105cej na Rondzie AK<\/figcaption>\n<\/figure>\n<p>\n<!-- \/wp:image --><\/p>\n<p><!-- wp:image {\"id\":681,\"sizeSlug\":\"large\",\"linkDestination\":\"none\"} -->\n<\/p>\n<figure class=\"wp-block-image size-large\"><img loading=\"lazy\" width=\"1024\" height=\"683\" src=\"http:\/\/www.zopak-brzozow.pl\/ZOPAK-WP\/wp-content\/uploads\/2022\/08\/297027124_5231113850258838_1100973050219991074_n-1024x683.jpg\" alt=\"\" class=\"wp-image-681\" srcset=\"http:\/\/www.zopak-brzozow.pl\/ZOPAK-WP\/wp-content\/uploads\/2022\/08\/297027124_5231113850258838_1100973050219991074_n-1024x683.jpg 1024w, http:\/\/www.zopak-brzozow.pl\/ZOPAK-WP\/wp-content\/uploads\/2022\/08\/297027124_5231113850258838_1100973050219991074_n-300x200.jpg 300w, http:\/\/www.zopak-brzozow.pl\/ZOPAK-WP\/wp-content\/uploads\/2022\/08\/297027124_5231113850258838_1100973050219991074_n-768x512.jpg 768w, http:\/\/www.zopak-brzozow.pl\/ZOPAK-WP\/wp-content\/uploads\/2022\/08\/297027124_5231113850258838_1100973050219991074_n-1536x1024.jpg 1536w, http:\/\/www.zopak-brzozow.pl\/ZOPAK-WP\/wp-content\/uploads\/2022\/08\/297027124_5231113850258838_1100973050219991074_n.jpg 2048w\" sizes=\"(max-width: 1024px) 100vw, 1024px\" \/><p><\/p>\n<figcaption>Przy pomniku Polski Walcz\u0105cej na Rondzie AK<\/figcaption>\n<\/figure>\n<p>\n<!-- \/wp:image --><\/p>\n<p><!-- wp:image {\"id\":678,\"sizeSlug\":\"large\",\"linkDestination\":\"none\"} -->\n<\/p>\n<figure class=\"wp-block-image size-large\"><img loading=\"lazy\" width=\"1024\" height=\"683\" src=\"http:\/\/www.zopak-brzozow.pl\/ZOPAK-WP\/wp-content\/uploads\/2022\/08\/296220621_5231209500249273_4763010034951876431_n-1024x683.jpg\" alt=\"\" class=\"wp-image-678\" srcset=\"http:\/\/www.zopak-brzozow.pl\/ZOPAK-WP\/wp-content\/uploads\/2022\/08\/296220621_5231209500249273_4763010034951876431_n-1024x683.jpg 1024w, http:\/\/www.zopak-brzozow.pl\/ZOPAK-WP\/wp-content\/uploads\/2022\/08\/296220621_5231209500249273_4763010034951876431_n-300x200.jpg 300w, http:\/\/www.zopak-brzozow.pl\/ZOPAK-WP\/wp-content\/uploads\/2022\/08\/296220621_5231209500249273_4763010034951876431_n-768x512.jpg 768w, http:\/\/www.zopak-brzozow.pl\/ZOPAK-WP\/wp-content\/uploads\/2022\/08\/296220621_5231209500249273_4763010034951876431_n-1536x1024.jpg 1536w, http:\/\/www.zopak-brzozow.pl\/ZOPAK-WP\/wp-content\/uploads\/2022\/08\/296220621_5231209500249273_4763010034951876431_n.jpg 2048w\" sizes=\"(max-width: 1024px) 100vw, 1024px\" \/><p><\/p>\n<figcaption>Przy pomniku Polski Walcz\u0105cej na Rondzie AK<\/figcaption>\n<\/figure>\n<p>\n<!-- \/wp:image --><\/p>\n<p><!-- wp:image {\"id\":680,\"sizeSlug\":\"large\",\"linkDestination\":\"none\"} -->\n<\/p>\n<figure class=\"wp-block-image size-large\"><img loading=\"lazy\" width=\"1024\" height=\"683\" src=\"http:\/\/www.zopak-brzozow.pl\/ZOPAK-WP\/wp-content\/uploads\/2022\/08\/296465012_5231196080250615_365268757262171385_n-1024x683.jpg\" alt=\"\" class=\"wp-image-680\" srcset=\"http:\/\/www.zopak-brzozow.pl\/ZOPAK-WP\/wp-content\/uploads\/2022\/08\/296465012_5231196080250615_365268757262171385_n-1024x683.jpg 1024w, http:\/\/www.zopak-brzozow.pl\/ZOPAK-WP\/wp-content\/uploads\/2022\/08\/296465012_5231196080250615_365268757262171385_n-300x200.jpg 300w, http:\/\/www.zopak-brzozow.pl\/ZOPAK-WP\/wp-content\/uploads\/2022\/08\/296465012_5231196080250615_365268757262171385_n-768x512.jpg 768w, http:\/\/www.zopak-brzozow.pl\/ZOPAK-WP\/wp-content\/uploads\/2022\/08\/296465012_5231196080250615_365268757262171385_n-1536x1024.jpg 1536w, http:\/\/www.zopak-brzozow.pl\/ZOPAK-WP\/wp-content\/uploads\/2022\/08\/296465012_5231196080250615_365268757262171385_n.jpg 2048w\" sizes=\"(max-width: 1024px) 100vw, 1024px\" \/><p><\/p>\n<figcaption>Przy pomniku Polski Walcz\u0105cej na Rondzie AK<\/figcaption>\n<\/figure>\n<p>\n<!-- \/wp:image --><\/p>\n<p><!-- wp:image {\"id\":687,\"sizeSlug\":\"large\",\"linkDestination\":\"none\"} -->\n<\/p>\n<figure class=\"wp-block-image size-large\"><img loading=\"lazy\" width=\"1024\" height=\"683\" src=\"http:\/\/www.zopak-brzozow.pl\/ZOPAK-WP\/wp-content\/uploads\/2022\/08\/297027124_5231113850258838_1100973050219991074_n-1-1024x683.jpg\" alt=\"\" class=\"wp-image-687\" srcset=\"http:\/\/www.zopak-brzozow.pl\/ZOPAK-WP\/wp-content\/uploads\/2022\/08\/297027124_5231113850258838_1100973050219991074_n-1-1024x683.jpg 1024w, http:\/\/www.zopak-brzozow.pl\/ZOPAK-WP\/wp-content\/uploads\/2022\/08\/297027124_5231113850258838_1100973050219991074_n-1-300x200.jpg 300w, http:\/\/www.zopak-brzozow.pl\/ZOPAK-WP\/wp-content\/uploads\/2022\/08\/297027124_5231113850258838_1100973050219991074_n-1-768x512.jpg 768w, http:\/\/www.zopak-brzozow.pl\/ZOPAK-WP\/wp-content\/uploads\/2022\/08\/297027124_5231113850258838_1100973050219991074_n-1-1536x1024.jpg 1536w, http:\/\/www.zopak-brzozow.pl\/ZOPAK-WP\/wp-content\/uploads\/2022\/08\/297027124_5231113850258838_1100973050219991074_n-1.jpg 2048w\" sizes=\"(max-width: 1024px) 100vw, 1024px\" \/><p><\/p>\n<figcaption>Przy pomniku Polski Walcz\u0105cej na Rondzie AK<\/figcaption>\n<\/figure>\n<p>\n<!-- \/wp:image -->\n<\/p>\n<\/figure>\n<p>\n<!-- \/wp:gallery --><\/p>\n<p><!-- wp:paragraph {\"align\":\"center\"} -->\n<\/p>\n<p class=\"has-text-align-center\">Powy\u017csze zdj\u0119cia pochodz\u0105 z zasob\u00f3w Kol. Marka Chojnowskiego i Krzysztofa Ko\u0142odziejczyka <\/p>\n<p>\n<!-- \/wp:paragraph --><\/p>\n<p><!-- wp:paragraph {\"align\":\"center\"} -->\n<\/p>\n<p class=\"has-text-align-center\">oraz z  witryny https:\/\/www.facebook.com\/MiastoLegionowo\/photos\/?ref=page_internal<\/p>\n<p>\n<!-- \/wp:paragraph --><\/p>\n<hr style=\"width: 100%; height: 2px; color: blue; background-color: blue;\">\n<p><!-- wp:preformatted --><\/p>\n<pre id=\"block-6a684433-5347-4532-bdfe-6972101a2777\" class=\"wp-block-preformatted\"><h6><strong>11 lipca 2022 r. <\/strong>W poniedzia\u0142ek (11 lipca) w wieku 107 lat zmar\u0142 p\u0142k Stanis\u0142aw Sierawski \u2013 \u017co\u0142nierz 707. plutonu I Rejonu \"Marianowo-Brzoz\u00f3w\" VII Obwodu \"Obro\u017ca\" Armii Krajowej, Powstaniec Warszawski oraz Honorowy Obywatel Gminy Jab\u0142onna.\n<center>\n<img class=\"wp-image-346\" style=\"width: 750px;\" src=\"http:\/\/toiowo.jarmark24.pl\/wp-content\/uploads\/sites\/3\/2022\/07\/SP_S_SIERAWSKI.jpg\" alt=\"\">\n<a rel=\"noreferrer noopener\" href=\"http:\/\/toiowo.eu\/jablonna-odszedl-plk-stanislaw-sierawski\/\" data-type=\"URL\" data-id=\"http:\/\/toiowo.eu\/jablonna-odszedl-plk-stanislaw-sierawski\/\" target=\"_blank\">[Czytaj wi\u0119cej]<\/a><\/center>\n15 lipca wzi\u0119li\u015bmy udzia\u0142 w uroczysto\u015bciach pogrzebowych \u015bp. p\u0142k. Stanis\u0142awa Sierawskiego ze sztandarem \u017co\u0142nierzy Armii Krajowej I Rejonu \"Marianowo-Brzoz\u00f3w\". Poczet sztandarowy wystawi\u0142o, na nasz\u0105 pro\u015bb\u0119, Centrum Szkolenia \u0141\u0105czno\u015bci i Informatyki z Zegrza.<\/h6><\/pre>\n<p>\n<!-- \/wp:preformatted --><\/p>\n<hr style=\"width: 100%; height: 2px; color: blue; background-color: blue;\">\n<p><!-- wp:preformatted -->\n<\/p>\n<pre class=\"wp-block-preformatted\"><center><h6><strong><strong>2 lipca 2022 r. <\/strong><\/strong>nast\u0105pi\u0142o przekazanie obowi\u0105zk\u00f3w komendanta Centrum Szkolenia \u0141\u0105czno\u015bci i Informatyki w Zegrzu, kt\u00f3re to centrum opiekuje si\u0119 naszym \u015brodowiskiem kombatant\u00f3w AK. \nDotychczasowy komendant p\u0142k. Robert Kasperczuk awansowa\u0142 na dow\u00f3dc\u0119 19. Nadbu\u017ca\u0144skiej Brygady WOT. Komendantem Centrum mianowany zosta\u0142 dotychczasowy zast\u0119pca komendanta - p\u0142k Pawe\u0142 Nowotnik.\nWojciech Jeute - prezes honorowy ZOPAK \u201eBrzoz\u00f3w\u201d, przedstawiciel \u015awiatowego Zwi\u0105zku \u017bo\u0142nierzy Armi Krajowej oraz Stanis\u0142aw Go\u0142\u0105bek - prezes ZOPAK \u201eBrzoz\u00f3w\" wr\u0119czyli p\u0142k. Kasperczukowi odznaczenie pami\u0105tkowe \"za zas\u0142ugi dla \u015awiatowego Zwi\u0105zku \u017co\u0142nierzy Armii Krajowej\" przyznane mu przez kapitu\u0142\u0119 Zarz\u0105du G\u0142\u00f3wnego \u015aZ\u017bAK w uznaniu jego dzia\u0142a\u0144 na rzecz legionowskiego \u015brodowiska akowskiego.<\/h6><strong>\n<strong><a rel=\"noreferrer noopener\" href=\"https:\/\/cslii.wp.mil.pl\/pl\/articles6-aktualnosci\/przekazanie-obowiazkow-komendanta-centrum-szkolenia-lacznosci-i-informatyki\/\" data-type=\"URL\" data-id=\"https:\/\/cslii.wp.mil.pl\/pl\/articles6-aktualnosci\/przekazanie-obowiazkow-komendanta-centrum-szkolenia-lacznosci-i-informatyki\/\" target=\"_blank\">[zobacz relacj\u0119 CS\u0141iI]<\/a><\/strong>\n<center>\n<img loading=\"lazy\" width=\"987\" height=\"658\" class=\"wp-image-346\" style=\"width: 750px;\" src=\"http:\/\/www.zopak-brzozow.pl\/ZOPAK-WP\/wp-content\/uploads\/2022\/07\/img_9596.jpg\" alt=\"\" srcset=\"http:\/\/www.zopak-brzozow.pl\/ZOPAK-WP\/wp-content\/uploads\/2022\/07\/img_9596.jpg 987w, http:\/\/www.zopak-brzozow.pl\/ZOPAK-WP\/wp-content\/uploads\/2022\/07\/img_9596-300x200.jpg 300w, http:\/\/www.zopak-brzozow.pl\/ZOPAK-WP\/wp-content\/uploads\/2022\/07\/img_9596-768x512.jpg 768w\" sizes=\"(max-width: 987px) 100vw, 987px\" \/><\/center><\/strong><\/center><\/pre>\n<p>\n<!-- \/wp:preformatted --><\/p>\n<hr style=\"width: 100%; height: 2px; color: blue; background-color: blue;\">\n<p><!-- wp:preformatted -->\n<\/p>\n<pre class=\"wp-block-preformatted\"><center><h6><strong><strong>17 czerwca 2022 r.<\/strong> <\/strong>przypad\u0142a 79. rocznica bohaterskiej \u015bmierci czterech podchor\u0105\u017cych Armii Krajowej os\u0142aniaj\u0105cych transport alianckiej broni zrzutowej. Wzorem lat ubieg\u0142ych uczcili\u015bmy ofiar\u0119 ich \u017cycia oddanego Polsce. Ogodz. 17<sup>00<\/sup> spotkali\u015bmy si\u0119 w&nbsp;Stanis\u0142awowie przy szosie Stru\u017ca\u0144skiej, by zapali\u0107 znicze i&nbsp;z\u0142o\u017cy\u0107 kwiaty przy kamieniu pami\u0119ci podchor\u0105\u017cych \u201eAlfy\u201d i&nbsp;\u201eSkiby\u201d. Ze wzgl\u0119du na budow\u0119 tunelu pod torami kolejowymi i ronda w Legionowie, w tym roku nie mog\u0142a odby\u0107 si\u0119 druga cz\u0119\u015b\u0107 uroczysto\u015bci w&nbsp;miejscu pami\u0119ci \u201eWarty\u201d i \u201eLato\u201d w Legionowie w&nbsp;Parku Ko\u015bciuszki. W zwi\u0105zku z tym, prelekcja historyczna w&nbsp;Stanis\u0142awowie obj\u0119\u0142a tak\u017ce wydarzenia legionowskie z dnia 20 czerwca 1944 r. Uroczysto\u015b\u0107 by\u0142a naszym znakiem pami\u0119ci dla tych, kt\u00f3rzy w&nbsp;walce \u017cycie swe oddali za Ojczyzn\u0119.<\/h6><\/center>\n<center><h6>\n<img src=\"http:\/\/www.zopak-brzozow.pl\/ZOPAK-WP\/wp-content\/uploads\/2022\/07\/Wiesci-Nieporeckie-nr-6245-z-dnia-1-lipca-2022-r.-\u2013-Gmina-Nieporet-1.png\" alt=\"Obrazek posiada pusty atrybut alt; plik o nazwie Wiesci-Nieporeckie-nr-6245-z-dnia-1-lipca-2022-r.-\u2013-Gmina-Nieporet-1.png\"><\/h6><\/center><\/pre>\n<p>\n<!-- \/wp:preformatted --><\/p>\n<p><!-- wp:group -->\n<\/p>\n<div class=\"wp-block-group\">\n<!-- wp:paragraph --><p><\/p>\n<p>\n<!-- \/wp:paragraph -->\n<\/p>\n<\/div>\n<p>\n<!-- \/wp:group --><\/p>\n<hr style=\"width: 100%; height: 2px; color: blue; background-color: blue;\">\n<p><!-- wp:preformatted --><\/p>\n<pre class=\"wp-block-preformatted\"><center><h6><strong>11 czerwca 2022 r.<\/strong> brali\u015bmy udzia\u0142 w Dniach Legionowa. W naszym namiocie prezentowali\u015bmy plansze o&nbsp;Armii Krajowej i Szarych Szeregach; prowadzili\u015bmy rozmowy z zainteresowanymi go\u015b\u0107mi i&nbsp;rozprowadzali\u015bmy publikacje dotycz\u0105ce dzia\u0142a\u0144 Polskiego Pa\u0144stwa Podziemnego  na naszym terenie.<\/h6><\/center>\n<center><h6>\n<img src=\"http:\/\/www.zopak-brzozow.pl\/ZOPAK-WP\/wp-content\/uploads\/2022\/06\/2022-06-11-Dni-Legionowa-1024x768.jpg\" alt=\"Obrazek posiada pusty atrybut alt; plik o nazwie 2022-06-11-Dni-Legionowa-1024x768.jpg\"><\/h6><\/center><\/pre>\n<p><!-- \/wp:preformatted --><\/p>\n<hr style=\"width: 100%; height: 2px; color: blue; background-color: blue;\">\nWCZE\u015aNIEJSZYCH INFORMACJI PROSIMY SZUKA\u0106 W SPRAWOZDANIACH Z LAT UBIEG\u0141YCH &#8212;&gt; zak\u0142adka <a href=\"http:\/\/www.zopak-brzozow.pl\/ZOPAK-WP\/index.php\/o-nas\/\"><b>\u201eO NAS\u201d<\/b><\/a><p><\/p>\n<p><!-- \/wp:preformatted --><\/p>\n<hr style=\"width: 100%; height: 2px; color: blue; background-color: blue;\">","protected":false},"excerpt":{"rendered":"<p>15 listopada 2022 r. Tego dnia w gmachu Wydzia\u0142u Budownictwa i In\u017cynierii \u015arodowiska Szko\u0142y G\u0142\u00f3wnej Gospodarstwa Wiejskiegoprzy ulicy Nowoursynowskiej 159<\/p>\n","protected":false},"author":1,"featured_media":0,"parent":0,"menu_order":0,"comment_status":"closed","ping_status":"closed","template":"","meta":[],"_links":{"self":[{"href":"http:\/\/www.zopak-brzozow.pl\/ZOPAK-WP\/index.php\/wp-json\/wp\/v2\/pages\/190"}],"collection":[{"href":"http:\/\/www.zopak-brzozow.pl\/ZOPAK-WP\/index.php\/wp-json\/wp\/v2\/pages"}],"about":[{"href":"http:\/\/www.zopak-brzozow.pl\/ZOPAK-WP\/index.php\/wp-json\/wp\/v2\/types\/page"}],"author":[{"embeddable":true,"href":"http:\/\/www.zopak-brzozow.pl\/ZOPAK-WP\/index.php\/wp-json\/wp\/v2\/users\/1"}],"replies":[{"embeddable":true,"href":"http:\/\/www.zopak-brzozow.pl\/ZOPAK-WP\/index.php\/wp-json\/wp\/v2\/comments?post=190"}],"version-history":[{"count":66,"href":"http:\/\/www.zopak-brzozow.pl\/ZOPAK-WP\/index.php\/wp-json\/wp\/v2\/pages\/190\/revisions"}],"predecessor-version":[{"id":1141,"href":"http:\/\/www.zopak-brzozow.pl\/ZOPAK-WP\/index.php\/wp-json\/wp\/v2\/pages\/190\/revisions\/1141"}],"wp:attachment":[{"href":"http:\/\/www.zopak-brzozow.pl\/ZOPAK-WP\/index.php\/wp-json\/wp\/v2\/media?parent=190"}],"curies":[{"name":"wp","href":"https:\/\/api.w.org\/{rel}","templated":true}]}}